{"id":232,"date":"2015-02-16T17:24:23","date_gmt":"2015-02-16T16:24:23","guid":{"rendered":"http:\/\/feuerwehr-oberriexingen.de\/content\/?page_id=232"},"modified":"2017-04-09T19:16:08","modified_gmt":"2017-04-09T18:16:08","slug":"wir-ueber-uns","status":"publish","type":"page","link":"https:\/\/feuerwehr-oberriexingen.de\/content\/wir-ueber-uns\/","title":{"rendered":"Wir \u00fcber uns"},"content":{"rendered":"<p><a href=\"https:\/\/feuerwehr-oberriexingen.de\/content\/wp-content\/uploads\/2015\/02\/Gruppenbild-schmal.jpg\"><img decoding=\"async\" loading=\"lazy\" class=\"size-full wp-image-1115 aligncenter\" src=\"https:\/\/feuerwehr-oberriexingen.de\/content\/wp-content\/uploads\/2015\/02\/Gruppenbild-schmal.jpg\" alt=\"\" width=\"1200\" height=\"384\" srcset=\"https:\/\/feuerwehr-oberriexingen.de\/content\/wp-content\/uploads\/2015\/02\/Gruppenbild-schmal.jpg 1200w, https:\/\/feuerwehr-oberriexingen.de\/content\/wp-content\/uploads\/2015\/02\/Gruppenbild-schmal-300x96.jpg 300w, https:\/\/feuerwehr-oberriexingen.de\/content\/wp-content\/uploads\/2015\/02\/Gruppenbild-schmal-768x246.jpg 768w, https:\/\/feuerwehr-oberriexingen.de\/content\/wp-content\/uploads\/2015\/02\/Gruppenbild-schmal-1024x328.jpg 1024w, https:\/\/feuerwehr-oberriexingen.de\/content\/wp-content\/uploads\/2015\/02\/Gruppenbild-schmal-100x32.jpg 100w, https:\/\/feuerwehr-oberriexingen.de\/content\/wp-content\/uploads\/2015\/02\/Gruppenbild-schmal-150x48.jpg 150w, https:\/\/feuerwehr-oberriexingen.de\/content\/wp-content\/uploads\/2015\/02\/Gruppenbild-schmal-200x64.jpg 200w, https:\/\/feuerwehr-oberriexingen.de\/content\/wp-content\/uploads\/2015\/02\/Gruppenbild-schmal-450x144.jpg 450w, https:\/\/feuerwehr-oberriexingen.de\/content\/wp-content\/uploads\/2015\/02\/Gruppenbild-schmal-600x192.jpg 600w, https:\/\/feuerwehr-oberriexingen.de\/content\/wp-content\/uploads\/2015\/02\/Gruppenbild-schmal-900x288.jpg 900w\" sizes=\"(max-width: 1200px) 100vw, 1200px\" \/><\/a><\/p>\n<p>Oberriexingen \u2013 das kleine St\u00e4dtchen auf der linken Seite der Enz malerisch gelegen, hat Mauern und Tore sowie manches h\u00fcbsches Fachwerkhaus in die Neuzeit gerettet. Die Stadt konnte im Jahre 1993 bereits ihr 1200-j\u00e4hriges Jubil\u00e4um feiern und ist mit ca. 3.100 Einwohnern bis heute die kleinste Stadt im Landkreis.<\/p>\n<p>Am 31. Januar 1876 wurde die Freiwillige Feuerwehr ins Leben gerufen. Und ist somit der \u00e4lteste \u201eVerein\u201c der Stadt. \u201eEiner f\u00fcr alle, alle f\u00fcr Einen\u201c so lautete damals bis heute das Motto.<\/p>\n<p>Ein besonderer H\u00f6hepunkt in der Geschichte der Oberriexinger Feuerwehr war die Einweihung des neuen Ger\u00e4tehauses in der M\u00fchlstrasse. Die zum 100-j\u00e4hrigen Bestehen der FFW gefeiert wurde. Nach zweij\u00e4hriger Bauzeit konnte im Jahre 1977 die ehemalige Fabrikantenvilla der Fam. Kaltschmid mit dem neu angebauten Magazin an die Feuerwehr \u00fcbergeben werden. In der Villa selbst entstanden \u2013 unter sehr viel Eigenleistung der aktiven Feuerwehrm\u00e4nner \u2013 ein Kommandoraum, Umkleideraum, WC und Dusche im Erdgeschoss, sowie Schulungs- und Kameradschaftsr\u00e4ume mit K\u00fcche und sanit\u00e4ren Einrichtungen im Obergeschoss. Diese R\u00e4umlichkeiten wurden im Jahr 2006\/2007 wieder zum Gro\u00dfteil in Eigenleistung von den aktiven Feuerwehrmitgliedern saniert und renoviert. Und so dient die \u201eVilla Florian\u201c den Floriansj\u00fcngern bis heute als Unterkunft f\u00fcr kameradschaftliche \u201eEvents\u201c sowie gen\u00fcgend Platz um alle Feuerwehrfahrzeuge und Ger\u00e4te an einem Standort unterzubringen.<\/p>\n<p>Die Feuerwehr Oberriexingen wird nicht nur bei Feuer und Unf\u00e4llen, sondern auch bei Hochwasser aktiv. Diese Eins\u00e4tze meistert die Wehr mit einem LF 8, einem TLF 8\/18, einem MTW, sowie einem MZF das je nach Einsatzart mit div. Containern beladen werden kann. Die Feuerwehr Oberriexingen verf\u00fcgt \u00fcber 41 aktive Feuerwehrm\u00e4nner und\u00a04 aktive Feuerwehrfrauen. Darunter 26 Atemschutzger\u00e4tetr\u00e4ger,\u00a06 Gruppenf\u00fchrer und 5 Zugf\u00fchrer. Des weiteren geh\u00f6rt eine Jugendfeuerwehr mit 18 Mitgliedern, sowie eine Altersabteilung zur Wehr.<\/p>\n<p>Um tags\u00fcber die Einsatzbereitschaft sicher zustellen bildet die Oberriexingen Wehr eine Ausr\u00fccke &#8211; Gemeinschaft mit der Nachbargemeinde Sersheim. Um die gemeinsame Einsatztaktik zu optimieren und das hohe Ausbildungsniveau sicherzustellen bzw. zu halten werden in regelm\u00e4\u00dfigen Abst\u00e4nden gemeinsame realit\u00e4tsnahe \u00dcbungen durchgef\u00fchrt.<\/p>\n<p>Doch bei der Oberriexinger Wehr wird auch KAMERADSCHAFT gro\u00df geschrieben. Die wird in gemeinsamen Aktivit\u00e4ten wie Binokel-, Volleyballtuniere, Wandertag, Kameradschaftsabend, Nikolaustag, 2-t\u00e4giger Ausflug, etc. gefestigt und weiterhin gest\u00e4rkt.<\/p>\n<p>Seit dem 1. Mai 1992 wird schon traditionell eine mit Kranz und Girlande versehene Fichte nur mit Hilfe von Holzstangen (Schwalben) und unter Absicherung durch einen Kran mit eigener Muskelkraft von den Feuerwehrm\u00e4nnern bzw. \u2013frauen aufgerichtet. Im Laufe der Jahre hat sich das Maibaumfest der Oberriexinger Feuerwehr zu einem beliebten Ausflugsziel f\u00fcr zahlreiche Wanderer und Radfahrer etabliert. Die Feuerwehr ist nicht nur f\u00fcr ihre gem\u00fctliche Maibaum-Hocketse rund ums Magazin \u00fcber die Landesgrenzen hinweg bekannt, sondern auch f\u00fcr die Zubereitung und den Geschmack ihrer Schweinshaxe. \u00dcberzeugen Sie sich selbst davon!<\/p>\n","protected":false},"excerpt":{"rendered":"<p>Oberriexingen \u2013 das kleine St\u00e4dtchen auf der linken Seite der Enz malerisch gelegen, hat Mauern und Tore sowie manches h\u00fcbsches Fachwerkhaus in die Neuzeit gerettet. Die Stadt konnte im Jahre 1993 bereits ihr 1200-j\u00e4hriges Jubil\u00e4um feiern und ist mit ca. &hellip;<\/p>\n<p class=\"read-more\"> <a class=\"more-link\" href=\"https:\/\/feuerwehr-oberriexingen.de\/content\/wir-ueber-uns\/\"> <span class=\"screen-reader-text\">Wir \u00fcber uns<\/span> Weiterlesen &raquo;<\/a><\/p>\n","protected":false},"author":1,"featured_media":234,"parent":0,"menu_order":0,"comment_status":"closed","ping_status":"closed","template":"","meta":{"_cbd_carousel_blocks":"[]"},"yoast_head":"<!-- This site is optimized with the Yoast SEO plugin v17.8 - https:\/\/yoast.com\/wordpress\/plugins\/seo\/ -->\n<title>Wir \u00fcber uns - Freiwillige Feuerwehr Oberriexingen<\/title>\n<meta name=\"robots\" content=\"index, follow, max-snippet:-1, max-image-preview:large, max-video-preview:-1\" \/>\n<link rel=\"canonical\" href=\"https:\/\/feuerwehr-oberriexingen.de\/content\/wir-ueber-uns\/\" \/>\n<meta property=\"og:locale\" content=\"de_DE\" \/>\n<meta property=\"og:type\" content=\"article\" \/>\n<meta property=\"og:title\" content=\"Wir \u00fcber uns - Freiwillige Feuerwehr Oberriexingen\" \/>\n<meta property=\"og:description\" content=\"Oberriexingen \u2013 das kleine St\u00e4dtchen auf der linken Seite der Enz malerisch gelegen, hat Mauern und Tore sowie manches h\u00fcbsches Fachwerkhaus in die Neuzeit gerettet. Die Stadt konnte im Jahre 1993 bereits ihr 1200-j\u00e4hriges Jubil\u00e4um feiern und ist mit ca. &hellip; Wir \u00fcber uns Weiterlesen &raquo;\" \/>\n<meta property=\"og:url\" content=\"https:\/\/feuerwehr-oberriexingen.de\/content\/wir-ueber-uns\/\" \/>\n<meta property=\"og:site_name\" content=\"Freiwillige Feuerwehr Oberriexingen\" \/>\n<meta property=\"article:publisher\" content=\"https:\/\/www.facebook.com\/ffwoberriexingen\/\" \/>\n<meta property=\"article:modified_time\" content=\"2017-04-09T18:16:08+00:00\" \/>\n<meta property=\"og:image\" content=\"https:\/\/feuerwehr-oberriexingen.de\/content\/wp-content\/uploads\/2015\/02\/Gruppenbild_800.jpg\" \/>\n\t<meta property=\"og:image:width\" content=\"800\" \/>\n\t<meta property=\"og:image:height\" content=\"327\" \/>\n<meta name=\"twitter:label1\" content=\"Gesch\u00e4tzte Lesezeit\" \/>\n\t<meta name=\"twitter:data1\" content=\"2\u00a0Minuten\" \/>\n<script type=\"application\/ld+json\" class=\"yoast-schema-graph\">{\"@context\":\"https:\/\/schema.org\",\"@graph\":[{\"@type\":\"WebSite\",\"@id\":\"https:\/\/feuerwehr-oberriexingen.de\/content\/#website\",\"url\":\"https:\/\/feuerwehr-oberriexingen.de\/content\/\",\"name\":\"Freiwillige Feuerwehr Oberriexingen\",\"description\":\"24h f\\u00fcr Sie im Einsatz\",\"potentialAction\":[{\"@type\":\"SearchAction\",\"target\":{\"@type\":\"EntryPoint\",\"urlTemplate\":\"https:\/\/feuerwehr-oberriexingen.de\/content\/?s={search_term_string}\"},\"query-input\":\"required name=search_term_string\"}],\"inLanguage\":\"de\"},{\"@type\":\"ImageObject\",\"@id\":\"https:\/\/feuerwehr-oberriexingen.de\/content\/wir-ueber-uns\/#primaryimage\",\"inLanguage\":\"de\",\"url\":\"https:\/\/feuerwehr-oberriexingen.de\/content\/wp-content\/uploads\/2015\/02\/Gruppenbild_800.jpg\",\"contentUrl\":\"https:\/\/feuerwehr-oberriexingen.de\/content\/wp-content\/uploads\/2015\/02\/Gruppenbild_800.jpg\",\"width\":800,\"height\":327},{\"@type\":\"WebPage\",\"@id\":\"https:\/\/feuerwehr-oberriexingen.de\/content\/wir-ueber-uns\/#webpage\",\"url\":\"https:\/\/feuerwehr-oberriexingen.de\/content\/wir-ueber-uns\/\",\"name\":\"Wir \\u00fcber uns - Freiwillige Feuerwehr Oberriexingen\",\"isPartOf\":{\"@id\":\"https:\/\/feuerwehr-oberriexingen.de\/content\/#website\"},\"primaryImageOfPage\":{\"@id\":\"https:\/\/feuerwehr-oberriexingen.de\/content\/wir-ueber-uns\/#primaryimage\"},\"datePublished\":\"2015-02-16T16:24:23+00:00\",\"dateModified\":\"2017-04-09T18:16:08+00:00\",\"breadcrumb\":{\"@id\":\"https:\/\/feuerwehr-oberriexingen.de\/content\/wir-ueber-uns\/#breadcrumb\"},\"inLanguage\":\"de\",\"potentialAction\":[{\"@type\":\"ReadAction\",\"target\":[\"https:\/\/feuerwehr-oberriexingen.de\/content\/wir-ueber-uns\/\"]}]},{\"@type\":\"BreadcrumbList\",\"@id\":\"https:\/\/feuerwehr-oberriexingen.de\/content\/wir-ueber-uns\/#breadcrumb\",\"itemListElement\":[{\"@type\":\"ListItem\",\"position\":1,\"name\":\"Home\",\"item\":\"https:\/\/feuerwehr-oberriexingen.de\/content\/\"},{\"@type\":\"ListItem\",\"position\":2,\"name\":\"Wir \\u00fcber uns\"}]}]}<\/script>\n<!-- \/ Yoast SEO plugin. -->","yoast_head_json":{"title":"Wir \u00fcber uns - Freiwillige Feuerwehr Oberriexingen","robots":{"index":"index","follow":"follow","max-snippet":"max-snippet:-1","max-image-preview":"max-image-preview:large","max-video-preview":"max-video-preview:-1"},"canonical":"https:\/\/feuerwehr-oberriexingen.de\/content\/wir-ueber-uns\/","og_locale":"de_DE","og_type":"article","og_title":"Wir \u00fcber uns - Freiwillige Feuerwehr Oberriexingen","og_description":"Oberriexingen \u2013 das kleine St\u00e4dtchen auf der linken Seite der Enz malerisch gelegen, hat Mauern und Tore sowie manches h\u00fcbsches Fachwerkhaus in die Neuzeit gerettet. Die Stadt konnte im Jahre 1993 bereits ihr 1200-j\u00e4hriges Jubil\u00e4um feiern und ist mit ca. &hellip; Wir \u00fcber uns Weiterlesen &raquo;","og_url":"https:\/\/feuerwehr-oberriexingen.de\/content\/wir-ueber-uns\/","og_site_name":"Freiwillige Feuerwehr Oberriexingen","article_publisher":"https:\/\/www.facebook.com\/ffwoberriexingen\/","article_modified_time":"2017-04-09T18:16:08+00:00","og_image":[{"width":800,"height":327,"url":"https:\/\/feuerwehr-oberriexingen.de\/content\/wp-content\/uploads\/2015\/02\/Gruppenbild_800.jpg","type":"image\/jpeg"}],"twitter_misc":{"Gesch\u00e4tzte Lesezeit":"2\u00a0Minuten"},"schema":{"@context":"https:\/\/schema.org","@graph":[{"@type":"WebSite","@id":"https:\/\/feuerwehr-oberriexingen.de\/content\/#website","url":"https:\/\/feuerwehr-oberriexingen.de\/content\/","name":"Freiwillige Feuerwehr Oberriexingen","description":"24h f\u00fcr Sie im Einsatz","potentialAction":[{"@type":"SearchAction","target":{"@type":"EntryPoint","urlTemplate":"https:\/\/feuerwehr-oberriexingen.de\/content\/?s={search_term_string}"},"query-input":"required name=search_term_string"}],"inLanguage":"de"},{"@type":"ImageObject","@id":"https:\/\/feuerwehr-oberriexingen.de\/content\/wir-ueber-uns\/#primaryimage","inLanguage":"de","url":"https:\/\/feuerwehr-oberriexingen.de\/content\/wp-content\/uploads\/2015\/02\/Gruppenbild_800.jpg","contentUrl":"https:\/\/feuerwehr-oberriexingen.de\/content\/wp-content\/uploads\/2015\/02\/Gruppenbild_800.jpg","width":800,"height":327},{"@type":"WebPage","@id":"https:\/\/feuerwehr-oberriexingen.de\/content\/wir-ueber-uns\/#webpage","url":"https:\/\/feuerwehr-oberriexingen.de\/content\/wir-ueber-uns\/","name":"Wir \u00fcber uns - Freiwillige Feuerwehr Oberriexingen","isPartOf":{"@id":"https:\/\/feuerwehr-oberriexingen.de\/content\/#website"},"primaryImageOfPage":{"@id":"https:\/\/feuerwehr-oberriexingen.de\/content\/wir-ueber-uns\/#primaryimage"},"datePublished":"2015-02-16T16:24:23+00:00","dateModified":"2017-04-09T18:16:08+00:00","breadcrumb":{"@id":"https:\/\/feuerwehr-oberriexingen.de\/content\/wir-ueber-uns\/#breadcrumb"},"inLanguage":"de","potentialAction":[{"@type":"ReadAction","target":["https:\/\/feuerwehr-oberriexingen.de\/content\/wir-ueber-uns\/"]}]},{"@type":"BreadcrumbList","@id":"https:\/\/feuerwehr-oberriexingen.de\/content\/wir-ueber-uns\/#breadcrumb","itemListElement":[{"@type":"ListItem","position":1,"name":"Home","item":"https:\/\/feuerwehr-oberriexingen.de\/content\/"},{"@type":"ListItem","position":2,"name":"Wir \u00fcber uns"}]}]}},"_links":{"self":[{"href":"https:\/\/feuerwehr-oberriexingen.de\/content\/wp-json\/wp\/v2\/pages\/232"}],"collection":[{"href":"https:\/\/feuerwehr-oberriexingen.de\/content\/wp-json\/wp\/v2\/pages"}],"about":[{"href":"https:\/\/feuerwehr-oberriexingen.de\/content\/wp-json\/wp\/v2\/types\/page"}],"author":[{"embeddable":true,"href":"https:\/\/feuerwehr-oberriexingen.de\/content\/wp-json\/wp\/v2\/users\/1"}],"replies":[{"embeddable":true,"href":"https:\/\/feuerwehr-oberriexingen.de\/content\/wp-json\/wp\/v2\/comments?post=232"}],"version-history":[{"count":4,"href":"https:\/\/feuerwehr-oberriexingen.de\/content\/wp-json\/wp\/v2\/pages\/232\/revisions"}],"predecessor-version":[{"id":1116,"href":"https:\/\/feuerwehr-oberriexingen.de\/content\/wp-json\/wp\/v2\/pages\/232\/revisions\/1116"}],"wp:featuredmedia":[{"embeddable":true,"href":"https:\/\/feuerwehr-oberriexingen.de\/content\/wp-json\/wp\/v2\/media\/234"}],"wp:attachment":[{"href":"https:\/\/feuerwehr-oberriexingen.de\/content\/wp-json\/wp\/v2\/media?parent=232"}],"curies":[{"name":"wp","href":"https:\/\/api.w.org\/{rel}","templated":true}]}}