{"id":10,"date":"2015-01-27T18:08:41","date_gmt":"2015-01-27T17:08:41","guid":{"rendered":"http:\/\/feuerwehr-oberriexingen.de\/content\/?page_id=10"},"modified":"2015-02-08T12:54:06","modified_gmt":"2015-02-08T11:54:06","slug":"fahrzeuge","status":"publish","type":"page","link":"https:\/\/feuerwehr-oberriexingen.de\/content\/fahrzeuge\/","title":{"rendered":"Fahrzeuge"},"content":{"rendered":"<div class=\"categoryThumbnailList\">\n<div class=\"categoryThumbnailList_item\">\n<div class=\"figure grid col-460\"><a href=\"https:\/\/feuerwehr-oberriexingen.de\/content\/2015\/12\/hilfeleistungs-loeschgruppenfahrzeug-hlf20\/\" title=\"Hilfeleistungs-L\u00f6schgruppenfahrzeug (HLF20)\"><img width=\"300\" height=\"200\" src=\"https:\/\/feuerwehr-oberriexingen.de\/content\/wp-content\/uploads\/2015\/12\/IMG-20151230-WA0008-300x200.jpg\" class=\"attachment-300x200 size-300x200 wp-post-image\" alt=\"\" decoding=\"async\" loading=\"lazy\" srcset=\"https:\/\/feuerwehr-oberriexingen.de\/content\/wp-content\/uploads\/2015\/12\/IMG-20151230-WA0008-300x200.jpg 300w, https:\/\/feuerwehr-oberriexingen.de\/content\/wp-content\/uploads\/2015\/12\/IMG-20151230-WA0008-768x512.jpg 768w, https:\/\/feuerwehr-oberriexingen.de\/content\/wp-content\/uploads\/2015\/12\/IMG-20151230-WA0008-1024x682.jpg 1024w, https:\/\/feuerwehr-oberriexingen.de\/content\/wp-content\/uploads\/2015\/12\/IMG-20151230-WA0008-100x67.jpg 100w, https:\/\/feuerwehr-oberriexingen.de\/content\/wp-content\/uploads\/2015\/12\/IMG-20151230-WA0008-150x100.jpg 150w, https:\/\/feuerwehr-oberriexingen.de\/content\/wp-content\/uploads\/2015\/12\/IMG-20151230-WA0008-200x133.jpg 200w, https:\/\/feuerwehr-oberriexingen.de\/content\/wp-content\/uploads\/2015\/12\/IMG-20151230-WA0008-450x300.jpg 450w, https:\/\/feuerwehr-oberriexingen.de\/content\/wp-content\/uploads\/2015\/12\/IMG-20151230-WA0008-600x400.jpg 600w, https:\/\/feuerwehr-oberriexingen.de\/content\/wp-content\/uploads\/2015\/12\/IMG-20151230-WA0008-900x600.jpg 900w, https:\/\/feuerwehr-oberriexingen.de\/content\/wp-content\/uploads\/2015\/12\/IMG-20151230-WA0008.jpg 1600w\" sizes=\"(max-width: 300px) 100vw, 300px\" \/><\/a><\/div>\n<div class=\"figure grid col-460 fit\">\n<div class=\"title\">\n<h3><a href=\"https:\/\/feuerwehr-oberriexingen.de\/content\/2015\/12\/hilfeleistungs-loeschgruppenfahrzeug-hlf20\/\" title=\"Hilfeleistungs-L\u00f6schgruppenfahrzeug (HLF20)\">Hilfeleistungs-L\u00f6schgruppenfahrzeug (HLF20)<\/a><br \/><\/h3>\n<\/div>\n<div class=\"excerpt_container\"><a href=\"https:\/\/feuerwehr-oberriexingen.de\/content\/wp-content\/uploads\/2015\/12\/HLF20.jpg\" rel=\"attachment wp-att-655\"><\/a><strong>Typ:<\/strong>\u00a0 HLF20<br \/>\n<strong>Fahrgestell:<\/strong> MAN<br \/>\n<strong>Baujahr:<\/strong> 2015<br \/>\n<strong>Funkruf:<\/strong> Oberriexingen 46<br \/>\n<strong>Besatzung:<\/strong> 1\/8<br \/>\n<strong>Beschreibung:<\/strong><br \/>\nFeuerwehrtechnische Beladung f\u00fcr Brandbek\u00e4mpfung und technische Hilfeleistung. Durchg\u00e4ngige&hellip;<\/div>\n<div class=\"button_container small\"><a class=\"button fancy medium cta\" href=\"https:\/\/feuerwehr-oberriexingen.de\/content\/2015\/12\/hilfeleistungs-loeschgruppenfahrzeug-hlf20\/\">Weiter<\/a><\/div>\n<\/div>\n<\/div>\n<div class=\"categoryThumbnailList_item\">\n<div class=\"figure grid col-460\"><a href=\"https:\/\/feuerwehr-oberriexingen.de\/content\/2015\/02\/mannschafts_transportwagen-mtw\/\" title=\"Mannschafts Transportwagen (MTW)\"><img width=\"300\" height=\"200\" src=\"https:\/\/feuerwehr-oberriexingen.de\/content\/wp-content\/uploads\/2015\/01\/MTW-300x200.jpg\" class=\"attachment-300x200 size-300x200 wp-post-image\" alt=\"\" decoding=\"async\" loading=\"lazy\" srcset=\"https:\/\/feuerwehr-oberriexingen.de\/content\/wp-content\/uploads\/2015\/01\/MTW-300x200.jpg 300w, https:\/\/feuerwehr-oberriexingen.de\/content\/wp-content\/uploads\/2015\/01\/MTW-100x67.jpg 100w, https:\/\/feuerwehr-oberriexingen.de\/content\/wp-content\/uploads\/2015\/01\/MTW-150x100.jpg 150w, https:\/\/feuerwehr-oberriexingen.de\/content\/wp-content\/uploads\/2015\/01\/MTW-200x134.jpg 200w, https:\/\/feuerwehr-oberriexingen.de\/content\/wp-content\/uploads\/2015\/01\/MTW-450x300.jpg 450w, https:\/\/feuerwehr-oberriexingen.de\/content\/wp-content\/uploads\/2015\/01\/MTW-600x400.jpg 600w, https:\/\/feuerwehr-oberriexingen.de\/content\/wp-content\/uploads\/2015\/01\/MTW.jpg 800w\" sizes=\"(max-width: 300px) 100vw, 300px\" \/><\/a><\/div>\n<div class=\"figure grid col-460 fit\">\n<div class=\"title\">\n<h3><a href=\"https:\/\/feuerwehr-oberriexingen.de\/content\/2015\/02\/mannschafts_transportwagen-mtw\/\" title=\"Mannschafts Transportwagen (MTW)\">Mannschafts Transportwagen (MTW)<\/a><br \/><\/h3>\n<\/div>\n<div class=\"excerpt_container\"><strong><a href=\"https:\/\/feuerwehr-oberriexingen.de\/content\/wp-content\/uploads\/2015\/01\/MTW.jpg\"><\/a><\/strong><br \/>\n<strong>Typ:<\/strong>\u00a0 MTW<br \/>\n<strong>Fahrgestell:<\/strong> Volkswagen Crafter<br \/>\n<strong>Baujahr:<\/strong> 2010<br \/>\n<strong>Funkruf:<\/strong> Oberriexingen 19<br \/>\n<strong>Besatzung:<\/strong> 1\/7<br \/>\n<strong>Beschreibung:<br \/>\n<\/strong> Fahrzeug zum Transport von Personen und Material&hellip;<\/div>\n<div class=\"button_container small\"><a class=\"button fancy medium cta\" href=\"https:\/\/feuerwehr-oberriexingen.de\/content\/2015\/02\/mannschafts_transportwagen-mtw\/\">Weiter<\/a><\/div>\n<\/div>\n<\/div>\n<div class=\"categoryThumbnailList_item\">\n<div class=\"figure grid col-460\"><a href=\"https:\/\/feuerwehr-oberriexingen.de\/content\/2015\/02\/tankloeschfahrzeug-tlf8\/\" title=\"Tankl\u00f6schfahrzeug (TLF8)\"><img width=\"300\" height=\"200\" src=\"https:\/\/feuerwehr-oberriexingen.de\/content\/wp-content\/uploads\/2015\/01\/TLF-300x200.jpg\" class=\"attachment-300x200 size-300x200 wp-post-image\" alt=\"\" decoding=\"async\" loading=\"lazy\" srcset=\"https:\/\/feuerwehr-oberriexingen.de\/content\/wp-content\/uploads\/2015\/01\/TLF-300x200.jpg 300w, https:\/\/feuerwehr-oberriexingen.de\/content\/wp-content\/uploads\/2015\/01\/TLF-100x67.jpg 100w, https:\/\/feuerwehr-oberriexingen.de\/content\/wp-content\/uploads\/2015\/01\/TLF-150x100.jpg 150w, https:\/\/feuerwehr-oberriexingen.de\/content\/wp-content\/uploads\/2015\/01\/TLF-200x133.jpg 200w, https:\/\/feuerwehr-oberriexingen.de\/content\/wp-content\/uploads\/2015\/01\/TLF-450x300.jpg 450w, https:\/\/feuerwehr-oberriexingen.de\/content\/wp-content\/uploads\/2015\/01\/TLF-600x400.jpg 600w, https:\/\/feuerwehr-oberriexingen.de\/content\/wp-content\/uploads\/2015\/01\/TLF.jpg 800w\" sizes=\"(max-width: 300px) 100vw, 300px\" \/><\/a><\/div>\n<div class=\"figure grid col-460 fit\">\n<div class=\"title\">\n<h3><a href=\"https:\/\/feuerwehr-oberriexingen.de\/content\/2015\/02\/tankloeschfahrzeug-tlf8\/\" title=\"Tankl\u00f6schfahrzeug (TLF8)\">Tankl\u00f6schfahrzeug (TLF8)<\/a><br \/><\/h3>\n<\/div>\n<div class=\"excerpt_container\"><a href=\"https:\/\/feuerwehr-oberriexingen.de\/content\/wp-content\/uploads\/2015\/01\/TLF.jpg\"><\/a><br \/>\n<strong>Typ:<\/strong> TLF8<br \/>\n<strong>Fahrgestell:<\/strong> Mercedes Unimog<br \/>\n<strong>Baujahr:<\/strong> 1984<br \/>\n<strong>Funkruf:<\/strong> Oberriexingen 21<br \/>\n<strong>Besatzung:<\/strong> 1\/2<br \/>\n<strong>Beschreibung:<br \/>\n<\/strong>Feuerwehrtechnische Beladung f\u00fcr Brandbek\u00e4mpfung 1800l Wassertank, Feuerl\u00f6schkreiselpumpe,&hellip;<\/div>\n<div class=\"button_container small\"><a class=\"button fancy medium cta\" href=\"https:\/\/feuerwehr-oberriexingen.de\/content\/2015\/02\/tankloeschfahrzeug-tlf8\/\">Weiter<\/a><\/div>\n<\/div>\n<\/div>\n<div class=\"categoryThumbnailList_item\">\n<div class=\"figure grid col-460\"><a href=\"https:\/\/feuerwehr-oberriexingen.de\/content\/2015\/02\/mehrzweckfahrzeug-mzf\/\" title=\"Mehrzweckfahrzeug (MZF)\"><img width=\"300\" height=\"200\" src=\"https:\/\/feuerwehr-oberriexingen.de\/content\/wp-content\/uploads\/2015\/04\/tn_Abholung-MZF-31-600x400.jpg\" class=\"attachment-300x200 size-300x200 wp-post-image\" alt=\"\" decoding=\"async\" loading=\"lazy\" \/><\/a><\/div>\n<div class=\"figure grid col-460 fit\">\n<div class=\"title\">\n<h3><a href=\"https:\/\/feuerwehr-oberriexingen.de\/content\/2015\/02\/mehrzweckfahrzeug-mzf\/\" title=\"Mehrzweckfahrzeug (MZF)\">Mehrzweckfahrzeug (MZF)<\/a><br \/><\/h3>\n<\/div>\n<div class=\"excerpt_container\"><strong><a href=\"https:\/\/feuerwehr-oberriexingen.de\/content\/wp-content\/uploads\/2015\/04\/tn_Abholung-MZF-31.jpg\"><\/a>Typ:<\/strong>\u00a0 MZF<br \/>\n<strong>Fahrgestell:<\/strong> Mercedes Sprinter<br \/>\n<strong>Baujahr:<\/strong> 2003<br \/>\n<strong>Funkruf:<\/strong> Oberriexingen 59<br \/>\n<strong>Besatzung:<\/strong> 1\/7<br \/>\n<strong>Beschreibung:<br \/>\n<\/strong> Fahrzeug zum Transport von Personen und Material&hellip;<\/div>\n<div class=\"button_container small\"><a class=\"button fancy medium cta\" href=\"https:\/\/feuerwehr-oberriexingen.de\/content\/2015\/02\/mehrzweckfahrzeug-mzf\/\">Weiter<\/a><\/div>\n<\/div>\n<\/div>\n<\/div>\n<div class=\"categoryThumbnailList_clearer\"><\/div>\n","protected":false},"excerpt":{"rendered":"<strong><a href=\"https:\/\/feuerwehr-oberriexingen.de\/content\/wp-content\/uploads\/2015\/04\/tn_Abholung-MZF-31.jpg\"><\/a>Typ:<\/strong>\u00a0 MZF<br \/>\n<strong>Fahrgestell:<\/strong> Mercedes Sprinter<br \/>\n<strong>Baujahr:<\/strong> 2003<br \/>\n<strong>Funkruf:<\/strong> Oberriexingen 59<br \/>\n<strong>Besatzung:<\/strong> 1\/7<br \/>\n<strong>Beschreibung:<br \/>\n<\/strong> Fahrzeug zum Transport von Personen und Material&hellip;","protected":false},"author":1,"featured_media":0,"parent":0,"menu_order":0,"comment_status":"closed","ping_status":"closed","template":"","meta":{"_cbd_carousel_blocks":"[]"},"yoast_head":"<!-- This site is optimized with the Yoast SEO plugin v17.8 - https:\/\/yoast.com\/wordpress\/plugins\/seo\/ -->\n<title>Fahrzeuge - Freiwillige Feuerwehr Oberriexingen<\/title>\n<meta name=\"robots\" content=\"index, follow, max-snippet:-1, max-image-preview:large, max-video-preview:-1\" \/>\n<link rel=\"canonical\" href=\"https:\/\/feuerwehr-oberriexingen.de\/content\/fahrzeuge\/\" \/>\n<meta property=\"og:locale\" content=\"de_DE\" \/>\n<meta property=\"og:type\" content=\"article\" \/>\n<meta property=\"og:title\" content=\"Fahrzeuge - Freiwillige Feuerwehr Oberriexingen\" \/>\n<meta property=\"og:description\" content=\"Typ:\u00a0 MZF Fahrgestell: Mercedes Sprinter Baujahr: 2003 Funkruf: Oberriexingen 59 Besatzung: 1\/7 Beschreibung: Fahrzeug zum Transport von Personen und Material&hellip;\" \/>\n<meta property=\"og:url\" content=\"https:\/\/feuerwehr-oberriexingen.de\/content\/fahrzeuge\/\" \/>\n<meta property=\"og:site_name\" content=\"Freiwillige Feuerwehr Oberriexingen\" \/>\n<meta property=\"article:publisher\" content=\"https:\/\/www.facebook.com\/ffwoberriexingen\/\" \/>\n<meta property=\"article:modified_time\" content=\"2015-02-08T11:54:06+00:00\" \/>\n<meta property=\"og:image\" content=\"https:\/\/feuerwehr-oberriexingen.de\/content\/wp-content\/uploads\/2016\/03\/20160312_Grundausbildung_1.jpg\" \/>\n\t<meta property=\"og:image:width\" content=\"1024\" \/>\n\t<meta property=\"og:image:height\" content=\"576\" \/>\n<script type=\"application\/ld+json\" class=\"yoast-schema-graph\">{\"@context\":\"https:\/\/schema.org\",\"@graph\":[{\"@type\":\"WebSite\",\"@id\":\"https:\/\/feuerwehr-oberriexingen.de\/content\/#website\",\"url\":\"https:\/\/feuerwehr-oberriexingen.de\/content\/\",\"name\":\"Freiwillige Feuerwehr Oberriexingen\",\"description\":\"24h f\\u00fcr Sie im Einsatz\",\"potentialAction\":[{\"@type\":\"SearchAction\",\"target\":{\"@type\":\"EntryPoint\",\"urlTemplate\":\"https:\/\/feuerwehr-oberriexingen.de\/content\/?s={search_term_string}\"},\"query-input\":\"required name=search_term_string\"}],\"inLanguage\":\"de\"},{\"@type\":\"WebPage\",\"@id\":\"https:\/\/feuerwehr-oberriexingen.de\/content\/fahrzeuge\/#webpage\",\"url\":\"https:\/\/feuerwehr-oberriexingen.de\/content\/fahrzeuge\/\",\"name\":\"Fahrzeuge - Freiwillige Feuerwehr Oberriexingen\",\"isPartOf\":{\"@id\":\"https:\/\/feuerwehr-oberriexingen.de\/content\/#website\"},\"datePublished\":\"2015-01-27T17:08:41+00:00\",\"dateModified\":\"2015-02-08T11:54:06+00:00\",\"breadcrumb\":{\"@id\":\"https:\/\/feuerwehr-oberriexingen.de\/content\/fahrzeuge\/#breadcrumb\"},\"inLanguage\":\"de\",\"potentialAction\":[{\"@type\":\"ReadAction\",\"target\":[\"https:\/\/feuerwehr-oberriexingen.de\/content\/fahrzeuge\/\"]}]},{\"@type\":\"BreadcrumbList\",\"@id\":\"https:\/\/feuerwehr-oberriexingen.de\/content\/fahrzeuge\/#breadcrumb\",\"itemListElement\":[{\"@type\":\"ListItem\",\"position\":1,\"name\":\"Home\",\"item\":\"https:\/\/feuerwehr-oberriexingen.de\/content\/\"},{\"@type\":\"ListItem\",\"position\":2,\"name\":\"Fahrzeuge\"}]}]}<\/script>\n<!-- \/ Yoast SEO plugin. -->","yoast_head_json":{"title":"Fahrzeuge - Freiwillige Feuerwehr Oberriexingen","robots":{"index":"index","follow":"follow","max-snippet":"max-snippet:-1","max-image-preview":"max-image-preview:large","max-video-preview":"max-video-preview:-1"},"canonical":"https:\/\/feuerwehr-oberriexingen.de\/content\/fahrzeuge\/","og_locale":"de_DE","og_type":"article","og_title":"Fahrzeuge - Freiwillige Feuerwehr Oberriexingen","og_description":"Typ:\u00a0 MZF Fahrgestell: Mercedes Sprinter Baujahr: 2003 Funkruf: Oberriexingen 59 Besatzung: 1\/7 Beschreibung: Fahrzeug zum Transport von Personen und Material&hellip;","og_url":"https:\/\/feuerwehr-oberriexingen.de\/content\/fahrzeuge\/","og_site_name":"Freiwillige Feuerwehr Oberriexingen","article_publisher":"https:\/\/www.facebook.com\/ffwoberriexingen\/","article_modified_time":"2015-02-08T11:54:06+00:00","og_image":[{"width":1024,"height":576,"url":"https:\/\/feuerwehr-oberriexingen.de\/content\/wp-content\/uploads\/2016\/03\/20160312_Grundausbildung_1.jpg","type":"image\/jpeg"}],"schema":{"@context":"https:\/\/schema.org","@graph":[{"@type":"WebSite","@id":"https:\/\/feuerwehr-oberriexingen.de\/content\/#website","url":"https:\/\/feuerwehr-oberriexingen.de\/content\/","name":"Freiwillige Feuerwehr Oberriexingen","description":"24h f\u00fcr Sie im Einsatz","potentialAction":[{"@type":"SearchAction","target":{"@type":"EntryPoint","urlTemplate":"https:\/\/feuerwehr-oberriexingen.de\/content\/?s={search_term_string}"},"query-input":"required name=search_term_string"}],"inLanguage":"de"},{"@type":"WebPage","@id":"https:\/\/feuerwehr-oberriexingen.de\/content\/fahrzeuge\/#webpage","url":"https:\/\/feuerwehr-oberriexingen.de\/content\/fahrzeuge\/","name":"Fahrzeuge - Freiwillige Feuerwehr Oberriexingen","isPartOf":{"@id":"https:\/\/feuerwehr-oberriexingen.de\/content\/#website"},"datePublished":"2015-01-27T17:08:41+00:00","dateModified":"2015-02-08T11:54:06+00:00","breadcrumb":{"@id":"https:\/\/feuerwehr-oberriexingen.de\/content\/fahrzeuge\/#breadcrumb"},"inLanguage":"de","potentialAction":[{"@type":"ReadAction","target":["https:\/\/feuerwehr-oberriexingen.de\/content\/fahrzeuge\/"]}]},{"@type":"BreadcrumbList","@id":"https:\/\/feuerwehr-oberriexingen.de\/content\/fahrzeuge\/#breadcrumb","itemListElement":[{"@type":"ListItem","position":1,"name":"Home","item":"https:\/\/feuerwehr-oberriexingen.de\/content\/"},{"@type":"ListItem","position":2,"name":"Fahrzeuge"}]}]}},"_links":{"self":[{"href":"https:\/\/feuerwehr-oberriexingen.de\/content\/wp-json\/wp\/v2\/pages\/10"}],"collection":[{"href":"https:\/\/feuerwehr-oberriexingen.de\/content\/wp-json\/wp\/v2\/pages"}],"about":[{"href":"https:\/\/feuerwehr-oberriexingen.de\/content\/wp-json\/wp\/v2\/types\/page"}],"author":[{"embeddable":true,"href":"https:\/\/feuerwehr-oberriexingen.de\/content\/wp-json\/wp\/v2\/users\/1"}],"replies":[{"embeddable":true,"href":"https:\/\/feuerwehr-oberriexingen.de\/content\/wp-json\/wp\/v2\/comments?post=10"}],"version-history":[{"count":18,"href":"https:\/\/feuerwehr-oberriexingen.de\/content\/wp-json\/wp\/v2\/pages\/10\/revisions"}],"predecessor-version":[{"id":214,"href":"https:\/\/feuerwehr-oberriexingen.de\/content\/wp-json\/wp\/v2\/pages\/10\/revisions\/214"}],"wp:attachment":[{"href":"https:\/\/feuerwehr-oberriexingen.de\/content\/wp-json\/wp\/v2\/media?parent=10"}],"curies":[{"name":"wp","href":"https:\/\/api.w.org\/{rel}","templated":true}]}}