{"id":736,"date":"2016-03-06T02:48:00","date_gmt":"2016-03-06T01:48:00","guid":{"rendered":"http:\/\/feuerwehr-oberriexingen.de\/content\/?post_type=einsatz&#038;p=736"},"modified":"2017-04-08T21:06:59","modified_gmt":"2017-04-08T20:06:59","slug":"06-03-2016-h3-vu-eine-person-eingeklemmt","status":"publish","type":"einsatz","link":"https:\/\/feuerwehr-oberriexingen.de\/content\/einsaetze\/06-03-2016-h3-vu-eine-person-eingeklemmt\/","title":{"rendered":"06.03.2016 &#8211; H3 VU eine Person eingeklemmt"},"content":{"rendered":"<p><a href=\"https:\/\/feuerwehr-oberriexingen.de\/content\/wp-content\/uploads\/2016\/03\/2016_03_06_H3_VU_Richtung_Enzweihingen_2.jpg\" rel=\"attachment wp-att-739\"><img decoding=\"async\" loading=\"lazy\" class=\"wp-image-739 size-medium alignleft\" src=\"https:\/\/feuerwehr-oberriexingen.de\/content\/wp-content\/uploads\/2016\/03\/2016_03_06_H3_VU_Richtung_Enzweihingen_2-300x225.jpg\" alt=\"2016_03_06_H3_VU_Richtung_Enzweihingen_2\" width=\"300\" height=\"225\" srcset=\"https:\/\/feuerwehr-oberriexingen.de\/content\/wp-content\/uploads\/2016\/03\/2016_03_06_H3_VU_Richtung_Enzweihingen_2-300x225.jpg 300w, https:\/\/feuerwehr-oberriexingen.de\/content\/wp-content\/uploads\/2016\/03\/2016_03_06_H3_VU_Richtung_Enzweihingen_2-768x576.jpg 768w, https:\/\/feuerwehr-oberriexingen.de\/content\/wp-content\/uploads\/2016\/03\/2016_03_06_H3_VU_Richtung_Enzweihingen_2.jpg 1024w, https:\/\/feuerwehr-oberriexingen.de\/content\/wp-content\/uploads\/2016\/03\/2016_03_06_H3_VU_Richtung_Enzweihingen_2-100x75.jpg 100w, https:\/\/feuerwehr-oberriexingen.de\/content\/wp-content\/uploads\/2016\/03\/2016_03_06_H3_VU_Richtung_Enzweihingen_2-150x113.jpg 150w, https:\/\/feuerwehr-oberriexingen.de\/content\/wp-content\/uploads\/2016\/03\/2016_03_06_H3_VU_Richtung_Enzweihingen_2-200x150.jpg 200w, https:\/\/feuerwehr-oberriexingen.de\/content\/wp-content\/uploads\/2016\/03\/2016_03_06_H3_VU_Richtung_Enzweihingen_2-450x338.jpg 450w, https:\/\/feuerwehr-oberriexingen.de\/content\/wp-content\/uploads\/2016\/03\/2016_03_06_H3_VU_Richtung_Enzweihingen_2-600x450.jpg 600w, https:\/\/feuerwehr-oberriexingen.de\/content\/wp-content\/uploads\/2016\/03\/2016_03_06_H3_VU_Richtung_Enzweihingen_2-900x675.jpg 900w\" sizes=\"(max-width: 300px) 100vw, 300px\" \/><\/a>In der Nacht zum 06.03.2016 wurde die Feuerwehr Oberriexingen zu einem Verkehrsunfall mit eingeklemmter Person nach Sersheim alarmiert. Da der bei der Leitstelle eingehende Notruf nicht die korrekte Ortsbezeichnung beinhaltete r\u00fcckten die Fahrzeuge f\u00e4lschlicherweise zuerst in Richtung Sersheim ab. Gl\u00fccklicherweise passierte eine der nachr\u00fcckenden Einsatzkr\u00e4fte auf der Anfahrt zur Feuerwache die wirkliche Einsatzstelle und korrigierte den Einsatzort auf die Landstra\u00dfe in Richtung Enzweihingen.<br \/>\nDort war aus bisher unbekannter Ursache ein Fahrzeug von der Fahrbahn abgekommen und ins Schleudern geraten. Die Einsatzkr\u00e4fte fanden das Fahrzeug abgeschlossen und ohne Fahrer vor. Es wurde daraufhin umgehend eine Suche nach dem Fahrer und eventuellen weiteren beteiligten Fahrzeugen im umliegenden Gebiet gestartet. Nachdem kurze Zeit sp\u00e4ter der Fahrer des Unfallfahrzeuges auftauchte, wurde die Suche zur Sicherheit noch einige Zeit weiter gef\u00fchrt um sicher zu gehen, dass alle Unfallbeteiligten gefunden sind.<br \/>\nDie Feuerwehr reinigte noch mit Hilfe des Schnellangriffs die Stra\u00dfe. Danach wurde die Einsatzstelle der Polizei \u00fcbergeben und die R\u00fcckfahrt zur Wache angetreten.<\/p>\n<p><a href=\"https:\/\/feuerwehr-oberriexingen.de\/content\/wp-content\/uploads\/2016\/03\/2016_03_06_H3_VU_Richtung_Enzweihingen_3.jpg\" rel=\"attachment wp-att-740\"><img decoding=\"async\" loading=\"lazy\" class=\"alignnone size-medium wp-image-740\" src=\"https:\/\/feuerwehr-oberriexingen.de\/content\/wp-content\/uploads\/2016\/03\/2016_03_06_H3_VU_Richtung_Enzweihingen_3-300x225.jpg\" alt=\"2016_03_06_H3_VU_Richtung_Enzweihingen_3\" width=\"300\" height=\"225\" srcset=\"https:\/\/feuerwehr-oberriexingen.de\/content\/wp-content\/uploads\/2016\/03\/2016_03_06_H3_VU_Richtung_Enzweihingen_3-300x225.jpg 300w, https:\/\/feuerwehr-oberriexingen.de\/content\/wp-content\/uploads\/2016\/03\/2016_03_06_H3_VU_Richtung_Enzweihingen_3-768x576.jpg 768w, https:\/\/feuerwehr-oberriexingen.de\/content\/wp-content\/uploads\/2016\/03\/2016_03_06_H3_VU_Richtung_Enzweihingen_3.jpg 1024w, https:\/\/feuerwehr-oberriexingen.de\/content\/wp-content\/uploads\/2016\/03\/2016_03_06_H3_VU_Richtung_Enzweihingen_3-100x75.jpg 100w, https:\/\/feuerwehr-oberriexingen.de\/content\/wp-content\/uploads\/2016\/03\/2016_03_06_H3_VU_Richtung_Enzweihingen_3-150x113.jpg 150w, https:\/\/feuerwehr-oberriexingen.de\/content\/wp-content\/uploads\/2016\/03\/2016_03_06_H3_VU_Richtung_Enzweihingen_3-200x150.jpg 200w, https:\/\/feuerwehr-oberriexingen.de\/content\/wp-content\/uploads\/2016\/03\/2016_03_06_H3_VU_Richtung_Enzweihingen_3-450x338.jpg 450w, https:\/\/feuerwehr-oberriexingen.de\/content\/wp-content\/uploads\/2016\/03\/2016_03_06_H3_VU_Richtung_Enzweihingen_3-600x450.jpg 600w, https:\/\/feuerwehr-oberriexingen.de\/content\/wp-content\/uploads\/2016\/03\/2016_03_06_H3_VU_Richtung_Enzweihingen_3-900x675.jpg 900w\" sizes=\"(max-width: 300px) 100vw, 300px\" \/><\/a> <a href=\"https:\/\/feuerwehr-oberriexingen.de\/content\/wp-content\/uploads\/2016\/03\/2016_03_06_H3_VU_Richtung_Enzweihingen_1.jpg\" rel=\"attachment wp-att-738\"><img decoding=\"async\" loading=\"lazy\" class=\"alignnone size-medium wp-image-738\" src=\"https:\/\/feuerwehr-oberriexingen.de\/content\/wp-content\/uploads\/2016\/03\/2016_03_06_H3_VU_Richtung_Enzweihingen_1-300x225.jpg\" alt=\"2016_03_06_H3_VU_Richtung_Enzweihingen_1\" width=\"300\" height=\"225\" srcset=\"https:\/\/feuerwehr-oberriexingen.de\/content\/wp-content\/uploads\/2016\/03\/2016_03_06_H3_VU_Richtung_Enzweihingen_1-300x225.jpg 300w, https:\/\/feuerwehr-oberriexingen.de\/content\/wp-content\/uploads\/2016\/03\/2016_03_06_H3_VU_Richtung_Enzweihingen_1-768x576.jpg 768w, https:\/\/feuerwehr-oberriexingen.de\/content\/wp-content\/uploads\/2016\/03\/2016_03_06_H3_VU_Richtung_Enzweihingen_1.jpg 1024w, https:\/\/feuerwehr-oberriexingen.de\/content\/wp-content\/uploads\/2016\/03\/2016_03_06_H3_VU_Richtung_Enzweihingen_1-100x75.jpg 100w, https:\/\/feuerwehr-oberriexingen.de\/content\/wp-content\/uploads\/2016\/03\/2016_03_06_H3_VU_Richtung_Enzweihingen_1-150x113.jpg 150w, https:\/\/feuerwehr-oberriexingen.de\/content\/wp-content\/uploads\/2016\/03\/2016_03_06_H3_VU_Richtung_Enzweihingen_1-200x150.jpg 200w, https:\/\/feuerwehr-oberriexingen.de\/content\/wp-content\/uploads\/2016\/03\/2016_03_06_H3_VU_Richtung_Enzweihingen_1-450x338.jpg 450w, https:\/\/feuerwehr-oberriexingen.de\/content\/wp-content\/uploads\/2016\/03\/2016_03_06_H3_VU_Richtung_Enzweihingen_1-600x450.jpg 600w, https:\/\/feuerwehr-oberriexingen.de\/content\/wp-content\/uploads\/2016\/03\/2016_03_06_H3_VU_Richtung_Enzweihingen_1-900x675.jpg 900w\" sizes=\"(max-width: 300px) 100vw, 300px\" \/><\/a><\/p>\n<p>&nbsp;<\/p>\n","protected":false},"author":1,"featured_media":739,"template":"","meta":{"_cbd_carousel_blocks":"[]","einsatz_weight":1},"categories":[],"tags":[],"einsatzart":[9],"fahrzeug":[44,7,6,5],"exteinsatzmittel":[20,56],"alarmierungsart":[24],"evw_unit":[],"yoast_head":"<!-- This site is optimized with the Yoast SEO plugin v17.8 - https:\/\/yoast.com\/wordpress\/plugins\/seo\/ -->\n<title>06.03.2016 - H3 VU eine Person eingeklemmt - Freiwillige Feuerwehr Oberriexingen<\/title>\n<meta name=\"robots\" content=\"index, follow, max-snippet:-1, max-image-preview:large, max-video-preview:-1\" \/>\n<link rel=\"canonical\" href=\"https:\/\/feuerwehr-oberriexingen.de\/content\/einsaetze\/06-03-2016-h3-vu-eine-person-eingeklemmt\/\" \/>\n<meta property=\"og:locale\" content=\"de_DE\" \/>\n<meta property=\"og:type\" content=\"article\" \/>\n<meta property=\"og:title\" content=\"06.03.2016 - H3 VU eine Person eingeklemmt - Freiwillige Feuerwehr Oberriexingen\" \/>\n<meta property=\"og:description\" content=\"In der Nacht zum 06.03.2016 wurde die Feuerwehr Oberriexingen zu einem Verkehrsunfall mit eingeklemmter Person nach Sersheim alarmiert. Da der bei der Leitstelle eingehende Notruf nicht die korrekte Ortsbezeichnung beinhaltete r\u00fcckten die Fahrzeuge f\u00e4lschlicherweise zuerst in Richtung Sersheim ab. Gl\u00fccklicherweise &hellip; 06.03.2016 &#8211; H3 VU eine Person eingeklemmt Weiterlesen &raquo;\" \/>\n<meta property=\"og:url\" content=\"https:\/\/feuerwehr-oberriexingen.de\/content\/einsaetze\/06-03-2016-h3-vu-eine-person-eingeklemmt\/\" \/>\n<meta property=\"og:site_name\" content=\"Freiwillige Feuerwehr Oberriexingen\" \/>\n<meta property=\"article:publisher\" content=\"https:\/\/www.facebook.com\/ffwoberriexingen\/\" \/>\n<meta property=\"article:modified_time\" content=\"2017-04-08T20:06:59+00:00\" \/>\n<meta property=\"og:image\" content=\"https:\/\/feuerwehr-oberriexingen.de\/content\/wp-content\/uploads\/2016\/03\/2016_03_06_H3_VU_Richtung_Enzweihingen_2.jpg\" \/>\n\t<meta property=\"og:image:width\" content=\"1024\" \/>\n\t<meta property=\"og:image:height\" content=\"768\" \/>\n<meta name=\"twitter:label1\" content=\"Gesch\u00e4tzte Lesezeit\" \/>\n\t<meta name=\"twitter:data1\" content=\"1\u00a0Minute\" \/>\n<script type=\"application\/ld+json\" class=\"yoast-schema-graph\">{\"@context\":\"https:\/\/schema.org\",\"@graph\":[{\"@type\":\"WebSite\",\"@id\":\"https:\/\/feuerwehr-oberriexingen.de\/content\/#website\",\"url\":\"https:\/\/feuerwehr-oberriexingen.de\/content\/\",\"name\":\"Freiwillige Feuerwehr Oberriexingen\",\"description\":\"24h f\\u00fcr Sie im Einsatz\",\"potentialAction\":[{\"@type\":\"SearchAction\",\"target\":{\"@type\":\"EntryPoint\",\"urlTemplate\":\"https:\/\/feuerwehr-oberriexingen.de\/content\/?s={search_term_string}\"},\"query-input\":\"required name=search_term_string\"}],\"inLanguage\":\"de\"},{\"@type\":\"ImageObject\",\"@id\":\"https:\/\/feuerwehr-oberriexingen.de\/content\/einsaetze\/06-03-2016-h3-vu-eine-person-eingeklemmt\/#primaryimage\",\"inLanguage\":\"de\",\"url\":\"https:\/\/feuerwehr-oberriexingen.de\/content\/wp-content\/uploads\/2016\/03\/2016_03_06_H3_VU_Richtung_Enzweihingen_2.jpg\",\"contentUrl\":\"https:\/\/feuerwehr-oberriexingen.de\/content\/wp-content\/uploads\/2016\/03\/2016_03_06_H3_VU_Richtung_Enzweihingen_2.jpg\",\"width\":1024,\"height\":768},{\"@type\":\"WebPage\",\"@id\":\"https:\/\/feuerwehr-oberriexingen.de\/content\/einsaetze\/06-03-2016-h3-vu-eine-person-eingeklemmt\/#webpage\",\"url\":\"https:\/\/feuerwehr-oberriexingen.de\/content\/einsaetze\/06-03-2016-h3-vu-eine-person-eingeklemmt\/\",\"name\":\"06.03.2016 - H3 VU eine Person eingeklemmt - Freiwillige Feuerwehr Oberriexingen\",\"isPartOf\":{\"@id\":\"https:\/\/feuerwehr-oberriexingen.de\/content\/#website\"},\"primaryImageOfPage\":{\"@id\":\"https:\/\/feuerwehr-oberriexingen.de\/content\/einsaetze\/06-03-2016-h3-vu-eine-person-eingeklemmt\/#primaryimage\"},\"datePublished\":\"2016-03-06T01:48:00+00:00\",\"dateModified\":\"2017-04-08T20:06:59+00:00\",\"breadcrumb\":{\"@id\":\"https:\/\/feuerwehr-oberriexingen.de\/content\/einsaetze\/06-03-2016-h3-vu-eine-person-eingeklemmt\/#breadcrumb\"},\"inLanguage\":\"de\",\"potentialAction\":[{\"@type\":\"ReadAction\",\"target\":[\"https:\/\/feuerwehr-oberriexingen.de\/content\/einsaetze\/06-03-2016-h3-vu-eine-person-eingeklemmt\/\"]}]},{\"@type\":\"BreadcrumbList\",\"@id\":\"https:\/\/feuerwehr-oberriexingen.de\/content\/einsaetze\/06-03-2016-h3-vu-eine-person-eingeklemmt\/#breadcrumb\",\"itemListElement\":[{\"@type\":\"ListItem\",\"position\":1,\"name\":\"Home\",\"item\":\"https:\/\/feuerwehr-oberriexingen.de\/content\/\"},{\"@type\":\"ListItem\",\"position\":2,\"name\":\"Einsatzberichte\",\"item\":\"https:\/\/feuerwehr-oberriexingen.de\/content\/einsaetze\/\"},{\"@type\":\"ListItem\",\"position\":3,\"name\":\"06.03.2016 &#8211; H3 VU eine Person eingeklemmt\"}]}]}<\/script>\n<!-- \/ Yoast SEO plugin. -->","yoast_head_json":{"title":"06.03.2016 - H3 VU eine Person eingeklemmt - Freiwillige Feuerwehr Oberriexingen","robots":{"index":"index","follow":"follow","max-snippet":"max-snippet:-1","max-image-preview":"max-image-preview:large","max-video-preview":"max-video-preview:-1"},"canonical":"https:\/\/feuerwehr-oberriexingen.de\/content\/einsaetze\/06-03-2016-h3-vu-eine-person-eingeklemmt\/","og_locale":"de_DE","og_type":"article","og_title":"06.03.2016 - H3 VU eine Person eingeklemmt - Freiwillige Feuerwehr Oberriexingen","og_description":"In der Nacht zum 06.03.2016 wurde die Feuerwehr Oberriexingen zu einem Verkehrsunfall mit eingeklemmter Person nach Sersheim alarmiert. Da der bei der Leitstelle eingehende Notruf nicht die korrekte Ortsbezeichnung beinhaltete r\u00fcckten die Fahrzeuge f\u00e4lschlicherweise zuerst in Richtung Sersheim ab. Gl\u00fccklicherweise &hellip; 06.03.2016 &#8211; H3 VU eine Person eingeklemmt Weiterlesen &raquo;","og_url":"https:\/\/feuerwehr-oberriexingen.de\/content\/einsaetze\/06-03-2016-h3-vu-eine-person-eingeklemmt\/","og_site_name":"Freiwillige Feuerwehr Oberriexingen","article_publisher":"https:\/\/www.facebook.com\/ffwoberriexingen\/","article_modified_time":"2017-04-08T20:06:59+00:00","og_image":[{"width":1024,"height":768,"url":"https:\/\/feuerwehr-oberriexingen.de\/content\/wp-content\/uploads\/2016\/03\/2016_03_06_H3_VU_Richtung_Enzweihingen_2.jpg","type":"image\/jpeg"}],"twitter_misc":{"Gesch\u00e4tzte Lesezeit":"1\u00a0Minute"},"schema":{"@context":"https:\/\/schema.org","@graph":[{"@type":"WebSite","@id":"https:\/\/feuerwehr-oberriexingen.de\/content\/#website","url":"https:\/\/feuerwehr-oberriexingen.de\/content\/","name":"Freiwillige Feuerwehr Oberriexingen","description":"24h f\u00fcr Sie im Einsatz","potentialAction":[{"@type":"SearchAction","target":{"@type":"EntryPoint","urlTemplate":"https:\/\/feuerwehr-oberriexingen.de\/content\/?s={search_term_string}"},"query-input":"required name=search_term_string"}],"inLanguage":"de"},{"@type":"ImageObject","@id":"https:\/\/feuerwehr-oberriexingen.de\/content\/einsaetze\/06-03-2016-h3-vu-eine-person-eingeklemmt\/#primaryimage","inLanguage":"de","url":"https:\/\/feuerwehr-oberriexingen.de\/content\/wp-content\/uploads\/2016\/03\/2016_03_06_H3_VU_Richtung_Enzweihingen_2.jpg","contentUrl":"https:\/\/feuerwehr-oberriexingen.de\/content\/wp-content\/uploads\/2016\/03\/2016_03_06_H3_VU_Richtung_Enzweihingen_2.jpg","width":1024,"height":768},{"@type":"WebPage","@id":"https:\/\/feuerwehr-oberriexingen.de\/content\/einsaetze\/06-03-2016-h3-vu-eine-person-eingeklemmt\/#webpage","url":"https:\/\/feuerwehr-oberriexingen.de\/content\/einsaetze\/06-03-2016-h3-vu-eine-person-eingeklemmt\/","name":"06.03.2016 - H3 VU eine Person eingeklemmt - Freiwillige Feuerwehr Oberriexingen","isPartOf":{"@id":"https:\/\/feuerwehr-oberriexingen.de\/content\/#website"},"primaryImageOfPage":{"@id":"https:\/\/feuerwehr-oberriexingen.de\/content\/einsaetze\/06-03-2016-h3-vu-eine-person-eingeklemmt\/#primaryimage"},"datePublished":"2016-03-06T01:48:00+00:00","dateModified":"2017-04-08T20:06:59+00:00","breadcrumb":{"@id":"https:\/\/feuerwehr-oberriexingen.de\/content\/einsaetze\/06-03-2016-h3-vu-eine-person-eingeklemmt\/#breadcrumb"},"inLanguage":"de","potentialAction":[{"@type":"ReadAction","target":["https:\/\/feuerwehr-oberriexingen.de\/content\/einsaetze\/06-03-2016-h3-vu-eine-person-eingeklemmt\/"]}]},{"@type":"BreadcrumbList","@id":"https:\/\/feuerwehr-oberriexingen.de\/content\/einsaetze\/06-03-2016-h3-vu-eine-person-eingeklemmt\/#breadcrumb","itemListElement":[{"@type":"ListItem","position":1,"name":"Home","item":"https:\/\/feuerwehr-oberriexingen.de\/content\/"},{"@type":"ListItem","position":2,"name":"Einsatzberichte","item":"https:\/\/feuerwehr-oberriexingen.de\/content\/einsaetze\/"},{"@type":"ListItem","position":3,"name":"06.03.2016 &#8211; H3 VU eine Person eingeklemmt"}]}]}},"_links":{"self":[{"href":"https:\/\/feuerwehr-oberriexingen.de\/content\/wp-json\/wp\/v2\/einsatz\/736"}],"collection":[{"href":"https:\/\/feuerwehr-oberriexingen.de\/content\/wp-json\/wp\/v2\/einsatz"}],"about":[{"href":"https:\/\/feuerwehr-oberriexingen.de\/content\/wp-json\/wp\/v2\/types\/einsatz"}],"author":[{"embeddable":true,"href":"https:\/\/feuerwehr-oberriexingen.de\/content\/wp-json\/wp\/v2\/users\/1"}],"version-history":[{"count":3,"href":"https:\/\/feuerwehr-oberriexingen.de\/content\/wp-json\/wp\/v2\/einsatz\/736\/revisions"}],"predecessor-version":[{"id":751,"href":"https:\/\/feuerwehr-oberriexingen.de\/content\/wp-json\/wp\/v2\/einsatz\/736\/revisions\/751"}],"wp:featuredmedia":[{"embeddable":true,"href":"https:\/\/feuerwehr-oberriexingen.de\/content\/wp-json\/wp\/v2\/media\/739"}],"wp:attachment":[{"href":"https:\/\/feuerwehr-oberriexingen.de\/content\/wp-json\/wp\/v2\/media?parent=736"}],"wp:term":[{"taxonomy":"category","embeddable":true,"href":"https:\/\/feuerwehr-oberriexingen.de\/content\/wp-json\/wp\/v2\/categories?post=736"},{"taxonomy":"post_tag","embeddable":true,"href":"https:\/\/feuerwehr-oberriexingen.de\/content\/wp-json\/wp\/v2\/tags?post=736"},{"taxonomy":"einsatzart","embeddable":true,"href":"https:\/\/feuerwehr-oberriexingen.de\/content\/wp-json\/wp\/v2\/einsatzart?post=736"},{"taxonomy":"fahrzeug","embeddable":true,"href":"https:\/\/feuerwehr-oberriexingen.de\/content\/wp-json\/wp\/v2\/fahrzeug?post=736"},{"taxonomy":"exteinsatzmittel","embeddable":true,"href":"https:\/\/feuerwehr-oberriexingen.de\/content\/wp-json\/wp\/v2\/exteinsatzmittel?post=736"},{"taxonomy":"alarmierungsart","embeddable":true,"href":"https:\/\/feuerwehr-oberriexingen.de\/content\/wp-json\/wp\/v2\/alarmierungsart?post=736"},{"taxonomy":"evw_unit","embeddable":true,"href":"https:\/\/feuerwehr-oberriexingen.de\/content\/wp-json\/wp\/v2\/evw_unit?post=736"}],"curies":[{"name":"wp","href":"https:\/\/api.w.org\/{rel}","templated":true}]}}