{"id":2500,"date":"2023-01-30T19:10:00","date_gmt":"2023-01-30T18:10:00","guid":{"rendered":"https:\/\/feuerwehr-oberriexingen.de\/content\/?post_type=einsatz&#038;p=2500"},"modified":"2023-01-31T06:42:33","modified_gmt":"2023-01-31T05:42:33","slug":"30-01-2022-b3-feuer-rauch","status":"publish","type":"einsatz","link":"https:\/\/feuerwehr-oberriexingen.de\/content\/einsaetze\/30-01-2022-b3-feuer-rauch\/","title":{"rendered":"30.01.2022 &#8211; B3 Feuer\/Rauch"},"content":{"rendered":"\n<p>Im Rahmen des Atemschutznotfallkonzepts wurde die Feuerwehr Oberriexingen am Montagabend nach Sachsenheim alarmiert. Die Einsatzkr\u00e4fte der Feuerwehr Sachsenheim stellten bei Ihrer Erkundung einen brennenden M\u00fclleimer fest und l\u00f6schten diesen ab. Eine Person wurde dem Rettungsdienst vorgestellt. Ein Einsatz der Kr\u00e4fte aus Oberriexingen war nicht notwendig.<\/p>\n","protected":false},"author":2,"featured_media":1993,"template":"","meta":{"_cbd_carousel_blocks":"[]","einsatz_weight":1},"categories":[],"tags":[],"einsatzart":[64],"fahrzeug":[44],"exteinsatzmittel":[21,56,58],"alarmierungsart":[24],"evw_unit":[],"yoast_head":"<!-- This site is optimized with the Yoast SEO plugin v17.8 - https:\/\/yoast.com\/wordpress\/plugins\/seo\/ -->\n<title>30.01.2022 - B3 Feuer\/Rauch - Freiwillige Feuerwehr Oberriexingen<\/title>\n<meta name=\"robots\" content=\"index, follow, max-snippet:-1, max-image-preview:large, max-video-preview:-1\" \/>\n<link rel=\"canonical\" href=\"https:\/\/feuerwehr-oberriexingen.de\/content\/einsaetze\/30-01-2022-b3-feuer-rauch\/\" \/>\n<meta property=\"og:locale\" content=\"de_DE\" \/>\n<meta property=\"og:type\" content=\"article\" \/>\n<meta property=\"og:title\" content=\"30.01.2022 - B3 Feuer\/Rauch - Freiwillige Feuerwehr Oberriexingen\" \/>\n<meta property=\"og:description\" content=\"Im Rahmen des Atemschutznotfallkonzepts wurde die Feuerwehr Oberriexingen am Montagabend nach Sachsenheim alarmiert. Die Einsatzkr\u00e4fte der Feuerwehr Sachsenheim stellten bei Ihrer Erkundung einen brennenden M\u00fclleimer fest und l\u00f6schten diesen ab. Eine Person wurde dem Rettungsdienst vorgestellt. Ein Einsatz der Kr\u00e4fte &hellip; 30.01.2022 &#8211; B3 Feuer\/Rauch Weiterlesen &raquo;\" \/>\n<meta property=\"og:url\" content=\"https:\/\/feuerwehr-oberriexingen.de\/content\/einsaetze\/30-01-2022-b3-feuer-rauch\/\" \/>\n<meta property=\"og:site_name\" content=\"Freiwillige Feuerwehr Oberriexingen\" \/>\n<meta property=\"article:publisher\" content=\"https:\/\/www.facebook.com\/ffwoberriexingen\/\" \/>\n<meta property=\"article:modified_time\" content=\"2023-01-31T05:42:33+00:00\" \/>\n<meta property=\"og:image\" content=\"https:\/\/feuerwehr-oberriexingen.de\/content\/wp-content\/uploads\/2020\/03\/Atemschutznotfall_5-scaled.jpg\" \/>\n\t<meta property=\"og:image:width\" content=\"2560\" \/>\n\t<meta property=\"og:image:height\" content=\"1707\" \/>\n<meta name=\"twitter:label1\" content=\"Gesch\u00e4tzte Lesezeit\" \/>\n\t<meta name=\"twitter:data1\" content=\"1\u00a0Minute\" \/>\n<script type=\"application\/ld+json\" class=\"yoast-schema-graph\">{\"@context\":\"https:\/\/schema.org\",\"@graph\":[{\"@type\":\"WebSite\",\"@id\":\"https:\/\/feuerwehr-oberriexingen.de\/content\/#website\",\"url\":\"https:\/\/feuerwehr-oberriexingen.de\/content\/\",\"name\":\"Freiwillige Feuerwehr Oberriexingen\",\"description\":\"24h f\\u00fcr Sie im Einsatz\",\"potentialAction\":[{\"@type\":\"SearchAction\",\"target\":{\"@type\":\"EntryPoint\",\"urlTemplate\":\"https:\/\/feuerwehr-oberriexingen.de\/content\/?s={search_term_string}\"},\"query-input\":\"required name=search_term_string\"}],\"inLanguage\":\"de\"},{\"@type\":\"ImageObject\",\"@id\":\"https:\/\/feuerwehr-oberriexingen.de\/content\/einsaetze\/30-01-2022-b3-feuer-rauch\/#primaryimage\",\"inLanguage\":\"de\",\"url\":\"https:\/\/feuerwehr-oberriexingen.de\/content\/wp-content\/uploads\/2020\/03\/Atemschutznotfall_5-scaled.jpg\",\"contentUrl\":\"https:\/\/feuerwehr-oberriexingen.de\/content\/wp-content\/uploads\/2020\/03\/Atemschutznotfall_5-scaled.jpg\",\"width\":2560,\"height\":1707},{\"@type\":\"WebPage\",\"@id\":\"https:\/\/feuerwehr-oberriexingen.de\/content\/einsaetze\/30-01-2022-b3-feuer-rauch\/#webpage\",\"url\":\"https:\/\/feuerwehr-oberriexingen.de\/content\/einsaetze\/30-01-2022-b3-feuer-rauch\/\",\"name\":\"30.01.2022 - B3 Feuer\/Rauch - Freiwillige Feuerwehr Oberriexingen\",\"isPartOf\":{\"@id\":\"https:\/\/feuerwehr-oberriexingen.de\/content\/#website\"},\"primaryImageOfPage\":{\"@id\":\"https:\/\/feuerwehr-oberriexingen.de\/content\/einsaetze\/30-01-2022-b3-feuer-rauch\/#primaryimage\"},\"datePublished\":\"2023-01-30T18:10:00+00:00\",\"dateModified\":\"2023-01-31T05:42:33+00:00\",\"breadcrumb\":{\"@id\":\"https:\/\/feuerwehr-oberriexingen.de\/content\/einsaetze\/30-01-2022-b3-feuer-rauch\/#breadcrumb\"},\"inLanguage\":\"de\",\"potentialAction\":[{\"@type\":\"ReadAction\",\"target\":[\"https:\/\/feuerwehr-oberriexingen.de\/content\/einsaetze\/30-01-2022-b3-feuer-rauch\/\"]}]},{\"@type\":\"BreadcrumbList\",\"@id\":\"https:\/\/feuerwehr-oberriexingen.de\/content\/einsaetze\/30-01-2022-b3-feuer-rauch\/#breadcrumb\",\"itemListElement\":[{\"@type\":\"ListItem\",\"position\":1,\"name\":\"Home\",\"item\":\"https:\/\/feuerwehr-oberriexingen.de\/content\/\"},{\"@type\":\"ListItem\",\"position\":2,\"name\":\"Einsatzberichte\",\"item\":\"https:\/\/feuerwehr-oberriexingen.de\/content\/einsaetze\/\"},{\"@type\":\"ListItem\",\"position\":3,\"name\":\"30.01.2022 &#8211; B3 Feuer\/Rauch\"}]}]}<\/script>\n<!-- \/ Yoast SEO plugin. -->","yoast_head_json":{"title":"30.01.2022 - B3 Feuer\/Rauch - Freiwillige Feuerwehr Oberriexingen","robots":{"index":"index","follow":"follow","max-snippet":"max-snippet:-1","max-image-preview":"max-image-preview:large","max-video-preview":"max-video-preview:-1"},"canonical":"https:\/\/feuerwehr-oberriexingen.de\/content\/einsaetze\/30-01-2022-b3-feuer-rauch\/","og_locale":"de_DE","og_type":"article","og_title":"30.01.2022 - B3 Feuer\/Rauch - Freiwillige Feuerwehr Oberriexingen","og_description":"Im Rahmen des Atemschutznotfallkonzepts wurde die Feuerwehr Oberriexingen am Montagabend nach Sachsenheim alarmiert. Die Einsatzkr\u00e4fte der Feuerwehr Sachsenheim stellten bei Ihrer Erkundung einen brennenden M\u00fclleimer fest und l\u00f6schten diesen ab. Eine Person wurde dem Rettungsdienst vorgestellt. Ein Einsatz der Kr\u00e4fte &hellip; 30.01.2022 &#8211; B3 Feuer\/Rauch Weiterlesen &raquo;","og_url":"https:\/\/feuerwehr-oberriexingen.de\/content\/einsaetze\/30-01-2022-b3-feuer-rauch\/","og_site_name":"Freiwillige Feuerwehr Oberriexingen","article_publisher":"https:\/\/www.facebook.com\/ffwoberriexingen\/","article_modified_time":"2023-01-31T05:42:33+00:00","og_image":[{"width":2560,"height":1707,"url":"https:\/\/feuerwehr-oberriexingen.de\/content\/wp-content\/uploads\/2020\/03\/Atemschutznotfall_5-scaled.jpg","type":"image\/jpeg"}],"twitter_misc":{"Gesch\u00e4tzte Lesezeit":"1\u00a0Minute"},"schema":{"@context":"https:\/\/schema.org","@graph":[{"@type":"WebSite","@id":"https:\/\/feuerwehr-oberriexingen.de\/content\/#website","url":"https:\/\/feuerwehr-oberriexingen.de\/content\/","name":"Freiwillige Feuerwehr Oberriexingen","description":"24h f\u00fcr Sie im Einsatz","potentialAction":[{"@type":"SearchAction","target":{"@type":"EntryPoint","urlTemplate":"https:\/\/feuerwehr-oberriexingen.de\/content\/?s={search_term_string}"},"query-input":"required name=search_term_string"}],"inLanguage":"de"},{"@type":"ImageObject","@id":"https:\/\/feuerwehr-oberriexingen.de\/content\/einsaetze\/30-01-2022-b3-feuer-rauch\/#primaryimage","inLanguage":"de","url":"https:\/\/feuerwehr-oberriexingen.de\/content\/wp-content\/uploads\/2020\/03\/Atemschutznotfall_5-scaled.jpg","contentUrl":"https:\/\/feuerwehr-oberriexingen.de\/content\/wp-content\/uploads\/2020\/03\/Atemschutznotfall_5-scaled.jpg","width":2560,"height":1707},{"@type":"WebPage","@id":"https:\/\/feuerwehr-oberriexingen.de\/content\/einsaetze\/30-01-2022-b3-feuer-rauch\/#webpage","url":"https:\/\/feuerwehr-oberriexingen.de\/content\/einsaetze\/30-01-2022-b3-feuer-rauch\/","name":"30.01.2022 - B3 Feuer\/Rauch - Freiwillige Feuerwehr Oberriexingen","isPartOf":{"@id":"https:\/\/feuerwehr-oberriexingen.de\/content\/#website"},"primaryImageOfPage":{"@id":"https:\/\/feuerwehr-oberriexingen.de\/content\/einsaetze\/30-01-2022-b3-feuer-rauch\/#primaryimage"},"datePublished":"2023-01-30T18:10:00+00:00","dateModified":"2023-01-31T05:42:33+00:00","breadcrumb":{"@id":"https:\/\/feuerwehr-oberriexingen.de\/content\/einsaetze\/30-01-2022-b3-feuer-rauch\/#breadcrumb"},"inLanguage":"de","potentialAction":[{"@type":"ReadAction","target":["https:\/\/feuerwehr-oberriexingen.de\/content\/einsaetze\/30-01-2022-b3-feuer-rauch\/"]}]},{"@type":"BreadcrumbList","@id":"https:\/\/feuerwehr-oberriexingen.de\/content\/einsaetze\/30-01-2022-b3-feuer-rauch\/#breadcrumb","itemListElement":[{"@type":"ListItem","position":1,"name":"Home","item":"https:\/\/feuerwehr-oberriexingen.de\/content\/"},{"@type":"ListItem","position":2,"name":"Einsatzberichte","item":"https:\/\/feuerwehr-oberriexingen.de\/content\/einsaetze\/"},{"@type":"ListItem","position":3,"name":"30.01.2022 &#8211; B3 Feuer\/Rauch"}]}]}},"_links":{"self":[{"href":"https:\/\/feuerwehr-oberriexingen.de\/content\/wp-json\/wp\/v2\/einsatz\/2500"}],"collection":[{"href":"https:\/\/feuerwehr-oberriexingen.de\/content\/wp-json\/wp\/v2\/einsatz"}],"about":[{"href":"https:\/\/feuerwehr-oberriexingen.de\/content\/wp-json\/wp\/v2\/types\/einsatz"}],"author":[{"embeddable":true,"href":"https:\/\/feuerwehr-oberriexingen.de\/content\/wp-json\/wp\/v2\/users\/2"}],"version-history":[{"count":1,"href":"https:\/\/feuerwehr-oberriexingen.de\/content\/wp-json\/wp\/v2\/einsatz\/2500\/revisions"}],"predecessor-version":[{"id":2501,"href":"https:\/\/feuerwehr-oberriexingen.de\/content\/wp-json\/wp\/v2\/einsatz\/2500\/revisions\/2501"}],"wp:featuredmedia":[{"embeddable":true,"href":"https:\/\/feuerwehr-oberriexingen.de\/content\/wp-json\/wp\/v2\/media\/1993"}],"wp:attachment":[{"href":"https:\/\/feuerwehr-oberriexingen.de\/content\/wp-json\/wp\/v2\/media?parent=2500"}],"wp:term":[{"taxonomy":"category","embeddable":true,"href":"https:\/\/feuerwehr-oberriexingen.de\/content\/wp-json\/wp\/v2\/categories?post=2500"},{"taxonomy":"post_tag","embeddable":true,"href":"https:\/\/feuerwehr-oberriexingen.de\/content\/wp-json\/wp\/v2\/tags?post=2500"},{"taxonomy":"einsatzart","embeddable":true,"href":"https:\/\/feuerwehr-oberriexingen.de\/content\/wp-json\/wp\/v2\/einsatzart?post=2500"},{"taxonomy":"fahrzeug","embeddable":true,"href":"https:\/\/feuerwehr-oberriexingen.de\/content\/wp-json\/wp\/v2\/fahrzeug?post=2500"},{"taxonomy":"exteinsatzmittel","embeddable":true,"href":"https:\/\/feuerwehr-oberriexingen.de\/content\/wp-json\/wp\/v2\/exteinsatzmittel?post=2500"},{"taxonomy":"alarmierungsart","embeddable":true,"href":"https:\/\/feuerwehr-oberriexingen.de\/content\/wp-json\/wp\/v2\/alarmierungsart?post=2500"},{"taxonomy":"evw_unit","embeddable":true,"href":"https:\/\/feuerwehr-oberriexingen.de\/content\/wp-json\/wp\/v2\/evw_unit?post=2500"}],"curies":[{"name":"wp","href":"https:\/\/api.w.org\/{rel}","templated":true}]}}