{"id":1912,"date":"2019-11-24T07:57:00","date_gmt":"2019-11-24T06:57:00","guid":{"rendered":"http:\/\/feuerwehr-oberriexingen.de\/content\/?post_type=einsatz&#038;p=1912"},"modified":"2019-11-24T11:47:03","modified_gmt":"2019-11-24T10:47:03","slug":"24-11-2019-b3-rwm-gebaeude","status":"publish","type":"einsatz","link":"https:\/\/feuerwehr-oberriexingen.de\/content\/einsaetze\/24-11-2019-b3-rwm-gebaeude\/","title":{"rendered":"24.11.2019 &#8211; B3 RWM Geb\u00e4ude"},"content":{"rendered":"\n<p>Am Sonntagmorgen wurde die Feuerwehr Oberriexingen, im Rahmen des Atemschutznotfallkonzepts, nach Sachsenheim alarmiert. Der Grund hierf\u00fcr war ein ausgel\u00f6ster Rauchwarnmelder in einem Mehrfamilienhaus. Die Einsatzkr\u00e4fte der Feuerwehr Sachsenheim fanden eine verrauchte Wohnung vor und konnten eine Person in Sicherheit bringen. <\/p>\n\n\n\n<p>Ein Einsatz der Kr\u00e4fte aus Oberriexingen war nicht notwendig. <\/p>\n\n\n\n<figure class=\"wp-block-image size-large\"><img decoding=\"async\" loading=\"lazy\" width=\"682\" height=\"415\" src=\"https:\/\/feuerwehr-oberriexingen.de\/content\/wp-content\/uploads\/2015\/01\/Brandeinsatz.jpg\" alt=\"\" class=\"wp-image-170\" srcset=\"https:\/\/feuerwehr-oberriexingen.de\/content\/wp-content\/uploads\/2015\/01\/Brandeinsatz.jpg 682w, https:\/\/feuerwehr-oberriexingen.de\/content\/wp-content\/uploads\/2015\/01\/Brandeinsatz-300x183.jpg 300w, https:\/\/feuerwehr-oberriexingen.de\/content\/wp-content\/uploads\/2015\/01\/Brandeinsatz-100x61.jpg 100w, https:\/\/feuerwehr-oberriexingen.de\/content\/wp-content\/uploads\/2015\/01\/Brandeinsatz-150x91.jpg 150w, https:\/\/feuerwehr-oberriexingen.de\/content\/wp-content\/uploads\/2015\/01\/Brandeinsatz-200x122.jpg 200w, https:\/\/feuerwehr-oberriexingen.de\/content\/wp-content\/uploads\/2015\/01\/Brandeinsatz-450x274.jpg 450w, https:\/\/feuerwehr-oberriexingen.de\/content\/wp-content\/uploads\/2015\/01\/Brandeinsatz-600x365.jpg 600w\" sizes=\"(max-width: 682px) 100vw, 682px\" \/><\/figure>\n","protected":false},"author":2,"featured_media":170,"template":"","meta":{"_cbd_carousel_blocks":"[]","einsatz_weight":1},"categories":[],"tags":[],"einsatzart":[64],"fahrzeug":[44],"exteinsatzmittel":[34,21,56,58],"alarmierungsart":[24],"evw_unit":[],"yoast_head":"<!-- This site is optimized with the Yoast SEO plugin v17.8 - https:\/\/yoast.com\/wordpress\/plugins\/seo\/ -->\n<title>24.11.2019 - B3 RWM Geb\u00e4ude - Freiwillige Feuerwehr Oberriexingen<\/title>\n<meta name=\"robots\" content=\"index, follow, max-snippet:-1, max-image-preview:large, max-video-preview:-1\" \/>\n<link rel=\"canonical\" href=\"https:\/\/feuerwehr-oberriexingen.de\/content\/einsaetze\/24-11-2019-b3-rwm-gebaeude\/\" \/>\n<meta property=\"og:locale\" content=\"de_DE\" \/>\n<meta property=\"og:type\" content=\"article\" \/>\n<meta property=\"og:title\" content=\"24.11.2019 - B3 RWM Geb\u00e4ude - Freiwillige Feuerwehr Oberriexingen\" \/>\n<meta property=\"og:description\" content=\"Am Sonntagmorgen wurde die Feuerwehr Oberriexingen, im Rahmen des Atemschutznotfallkonzepts, nach Sachsenheim alarmiert. Der Grund hierf\u00fcr war ein ausgel\u00f6ster Rauchwarnmelder in einem Mehrfamilienhaus. Die Einsatzkr\u00e4fte der Feuerwehr Sachsenheim fanden eine verrauchte Wohnung vor und konnten eine Person in Sicherheit bringen. &hellip; 24.11.2019 &#8211; B3 RWM Geb\u00e4ude Weiterlesen &raquo;\" \/>\n<meta property=\"og:url\" content=\"https:\/\/feuerwehr-oberriexingen.de\/content\/einsaetze\/24-11-2019-b3-rwm-gebaeude\/\" \/>\n<meta property=\"og:site_name\" content=\"Freiwillige Feuerwehr Oberriexingen\" \/>\n<meta property=\"article:publisher\" content=\"https:\/\/www.facebook.com\/ffwoberriexingen\/\" \/>\n<meta property=\"article:modified_time\" content=\"2019-11-24T10:47:03+00:00\" \/>\n<meta property=\"og:image\" content=\"https:\/\/feuerwehr-oberriexingen.de\/content\/wp-content\/uploads\/2015\/01\/Brandeinsatz.jpg\" \/>\n\t<meta property=\"og:image:width\" content=\"682\" \/>\n\t<meta property=\"og:image:height\" content=\"415\" \/>\n<script type=\"application\/ld+json\" class=\"yoast-schema-graph\">{\"@context\":\"https:\/\/schema.org\",\"@graph\":[{\"@type\":\"WebSite\",\"@id\":\"https:\/\/feuerwehr-oberriexingen.de\/content\/#website\",\"url\":\"https:\/\/feuerwehr-oberriexingen.de\/content\/\",\"name\":\"Freiwillige Feuerwehr Oberriexingen\",\"description\":\"24h f\\u00fcr Sie im Einsatz\",\"potentialAction\":[{\"@type\":\"SearchAction\",\"target\":{\"@type\":\"EntryPoint\",\"urlTemplate\":\"https:\/\/feuerwehr-oberriexingen.de\/content\/?s={search_term_string}\"},\"query-input\":\"required name=search_term_string\"}],\"inLanguage\":\"de\"},{\"@type\":\"ImageObject\",\"@id\":\"https:\/\/feuerwehr-oberriexingen.de\/content\/einsaetze\/24-11-2019-b3-rwm-gebaeude\/#primaryimage\",\"inLanguage\":\"de\",\"url\":\"https:\/\/feuerwehr-oberriexingen.de\/content\/wp-content\/uploads\/2015\/01\/Brandeinsatz.jpg\",\"contentUrl\":\"https:\/\/feuerwehr-oberriexingen.de\/content\/wp-content\/uploads\/2015\/01\/Brandeinsatz.jpg\",\"width\":682,\"height\":415},{\"@type\":\"WebPage\",\"@id\":\"https:\/\/feuerwehr-oberriexingen.de\/content\/einsaetze\/24-11-2019-b3-rwm-gebaeude\/#webpage\",\"url\":\"https:\/\/feuerwehr-oberriexingen.de\/content\/einsaetze\/24-11-2019-b3-rwm-gebaeude\/\",\"name\":\"24.11.2019 - B3 RWM Geb\\u00e4ude - Freiwillige Feuerwehr Oberriexingen\",\"isPartOf\":{\"@id\":\"https:\/\/feuerwehr-oberriexingen.de\/content\/#website\"},\"primaryImageOfPage\":{\"@id\":\"https:\/\/feuerwehr-oberriexingen.de\/content\/einsaetze\/24-11-2019-b3-rwm-gebaeude\/#primaryimage\"},\"datePublished\":\"2019-11-24T06:57:00+00:00\",\"dateModified\":\"2019-11-24T10:47:03+00:00\",\"breadcrumb\":{\"@id\":\"https:\/\/feuerwehr-oberriexingen.de\/content\/einsaetze\/24-11-2019-b3-rwm-gebaeude\/#breadcrumb\"},\"inLanguage\":\"de\",\"potentialAction\":[{\"@type\":\"ReadAction\",\"target\":[\"https:\/\/feuerwehr-oberriexingen.de\/content\/einsaetze\/24-11-2019-b3-rwm-gebaeude\/\"]}]},{\"@type\":\"BreadcrumbList\",\"@id\":\"https:\/\/feuerwehr-oberriexingen.de\/content\/einsaetze\/24-11-2019-b3-rwm-gebaeude\/#breadcrumb\",\"itemListElement\":[{\"@type\":\"ListItem\",\"position\":1,\"name\":\"Home\",\"item\":\"https:\/\/feuerwehr-oberriexingen.de\/content\/\"},{\"@type\":\"ListItem\",\"position\":2,\"name\":\"Einsatzberichte\",\"item\":\"https:\/\/feuerwehr-oberriexingen.de\/content\/einsaetze\/\"},{\"@type\":\"ListItem\",\"position\":3,\"name\":\"24.11.2019 &#8211; B3 RWM Geb\\u00e4ude\"}]}]}<\/script>\n<!-- \/ Yoast SEO plugin. -->","yoast_head_json":{"title":"24.11.2019 - B3 RWM Geb\u00e4ude - Freiwillige Feuerwehr Oberriexingen","robots":{"index":"index","follow":"follow","max-snippet":"max-snippet:-1","max-image-preview":"max-image-preview:large","max-video-preview":"max-video-preview:-1"},"canonical":"https:\/\/feuerwehr-oberriexingen.de\/content\/einsaetze\/24-11-2019-b3-rwm-gebaeude\/","og_locale":"de_DE","og_type":"article","og_title":"24.11.2019 - B3 RWM Geb\u00e4ude - Freiwillige Feuerwehr Oberriexingen","og_description":"Am Sonntagmorgen wurde die Feuerwehr Oberriexingen, im Rahmen des Atemschutznotfallkonzepts, nach Sachsenheim alarmiert. Der Grund hierf\u00fcr war ein ausgel\u00f6ster Rauchwarnmelder in einem Mehrfamilienhaus. Die Einsatzkr\u00e4fte der Feuerwehr Sachsenheim fanden eine verrauchte Wohnung vor und konnten eine Person in Sicherheit bringen. &hellip; 24.11.2019 &#8211; B3 RWM Geb\u00e4ude Weiterlesen &raquo;","og_url":"https:\/\/feuerwehr-oberriexingen.de\/content\/einsaetze\/24-11-2019-b3-rwm-gebaeude\/","og_site_name":"Freiwillige Feuerwehr Oberriexingen","article_publisher":"https:\/\/www.facebook.com\/ffwoberriexingen\/","article_modified_time":"2019-11-24T10:47:03+00:00","og_image":[{"width":682,"height":415,"url":"https:\/\/feuerwehr-oberriexingen.de\/content\/wp-content\/uploads\/2015\/01\/Brandeinsatz.jpg","type":"image\/jpeg"}],"schema":{"@context":"https:\/\/schema.org","@graph":[{"@type":"WebSite","@id":"https:\/\/feuerwehr-oberriexingen.de\/content\/#website","url":"https:\/\/feuerwehr-oberriexingen.de\/content\/","name":"Freiwillige Feuerwehr Oberriexingen","description":"24h f\u00fcr Sie im Einsatz","potentialAction":[{"@type":"SearchAction","target":{"@type":"EntryPoint","urlTemplate":"https:\/\/feuerwehr-oberriexingen.de\/content\/?s={search_term_string}"},"query-input":"required name=search_term_string"}],"inLanguage":"de"},{"@type":"ImageObject","@id":"https:\/\/feuerwehr-oberriexingen.de\/content\/einsaetze\/24-11-2019-b3-rwm-gebaeude\/#primaryimage","inLanguage":"de","url":"https:\/\/feuerwehr-oberriexingen.de\/content\/wp-content\/uploads\/2015\/01\/Brandeinsatz.jpg","contentUrl":"https:\/\/feuerwehr-oberriexingen.de\/content\/wp-content\/uploads\/2015\/01\/Brandeinsatz.jpg","width":682,"height":415},{"@type":"WebPage","@id":"https:\/\/feuerwehr-oberriexingen.de\/content\/einsaetze\/24-11-2019-b3-rwm-gebaeude\/#webpage","url":"https:\/\/feuerwehr-oberriexingen.de\/content\/einsaetze\/24-11-2019-b3-rwm-gebaeude\/","name":"24.11.2019 - B3 RWM Geb\u00e4ude - Freiwillige Feuerwehr Oberriexingen","isPartOf":{"@id":"https:\/\/feuerwehr-oberriexingen.de\/content\/#website"},"primaryImageOfPage":{"@id":"https:\/\/feuerwehr-oberriexingen.de\/content\/einsaetze\/24-11-2019-b3-rwm-gebaeude\/#primaryimage"},"datePublished":"2019-11-24T06:57:00+00:00","dateModified":"2019-11-24T10:47:03+00:00","breadcrumb":{"@id":"https:\/\/feuerwehr-oberriexingen.de\/content\/einsaetze\/24-11-2019-b3-rwm-gebaeude\/#breadcrumb"},"inLanguage":"de","potentialAction":[{"@type":"ReadAction","target":["https:\/\/feuerwehr-oberriexingen.de\/content\/einsaetze\/24-11-2019-b3-rwm-gebaeude\/"]}]},{"@type":"BreadcrumbList","@id":"https:\/\/feuerwehr-oberriexingen.de\/content\/einsaetze\/24-11-2019-b3-rwm-gebaeude\/#breadcrumb","itemListElement":[{"@type":"ListItem","position":1,"name":"Home","item":"https:\/\/feuerwehr-oberriexingen.de\/content\/"},{"@type":"ListItem","position":2,"name":"Einsatzberichte","item":"https:\/\/feuerwehr-oberriexingen.de\/content\/einsaetze\/"},{"@type":"ListItem","position":3,"name":"24.11.2019 &#8211; B3 RWM Geb\u00e4ude"}]}]}},"_links":{"self":[{"href":"https:\/\/feuerwehr-oberriexingen.de\/content\/wp-json\/wp\/v2\/einsatz\/1912"}],"collection":[{"href":"https:\/\/feuerwehr-oberriexingen.de\/content\/wp-json\/wp\/v2\/einsatz"}],"about":[{"href":"https:\/\/feuerwehr-oberriexingen.de\/content\/wp-json\/wp\/v2\/types\/einsatz"}],"author":[{"embeddable":true,"href":"https:\/\/feuerwehr-oberriexingen.de\/content\/wp-json\/wp\/v2\/users\/2"}],"version-history":[{"count":1,"href":"https:\/\/feuerwehr-oberriexingen.de\/content\/wp-json\/wp\/v2\/einsatz\/1912\/revisions"}],"predecessor-version":[{"id":1913,"href":"https:\/\/feuerwehr-oberriexingen.de\/content\/wp-json\/wp\/v2\/einsatz\/1912\/revisions\/1913"}],"wp:featuredmedia":[{"embeddable":true,"href":"https:\/\/feuerwehr-oberriexingen.de\/content\/wp-json\/wp\/v2\/media\/170"}],"wp:attachment":[{"href":"https:\/\/feuerwehr-oberriexingen.de\/content\/wp-json\/wp\/v2\/media?parent=1912"}],"wp:term":[{"taxonomy":"category","embeddable":true,"href":"https:\/\/feuerwehr-oberriexingen.de\/content\/wp-json\/wp\/v2\/categories?post=1912"},{"taxonomy":"post_tag","embeddable":true,"href":"https:\/\/feuerwehr-oberriexingen.de\/content\/wp-json\/wp\/v2\/tags?post=1912"},{"taxonomy":"einsatzart","embeddable":true,"href":"https:\/\/feuerwehr-oberriexingen.de\/content\/wp-json\/wp\/v2\/einsatzart?post=1912"},{"taxonomy":"fahrzeug","embeddable":true,"href":"https:\/\/feuerwehr-oberriexingen.de\/content\/wp-json\/wp\/v2\/fahrzeug?post=1912"},{"taxonomy":"exteinsatzmittel","embeddable":true,"href":"https:\/\/feuerwehr-oberriexingen.de\/content\/wp-json\/wp\/v2\/exteinsatzmittel?post=1912"},{"taxonomy":"alarmierungsart","embeddable":true,"href":"https:\/\/feuerwehr-oberriexingen.de\/content\/wp-json\/wp\/v2\/alarmierungsart?post=1912"},{"taxonomy":"evw_unit","embeddable":true,"href":"https:\/\/feuerwehr-oberriexingen.de\/content\/wp-json\/wp\/v2\/evw_unit?post=1912"}],"curies":[{"name":"wp","href":"https:\/\/api.w.org\/{rel}","templated":true}]}}