{"id":1802,"date":"2019-04-23T19:00:00","date_gmt":"2019-04-23T17:00:00","guid":{"rendered":"http:\/\/feuerwehr-oberriexingen.de\/content\/?post_type=einsatz&#038;p=1802"},"modified":"2019-05-01T10:59:05","modified_gmt":"2019-05-01T08:59:05","slug":"23-04-2019-h3-eingeklemmte-person","status":"publish","type":"einsatz","link":"https:\/\/feuerwehr-oberriexingen.de\/content\/einsaetze\/23-04-2019-h3-eingeklemmte-person\/","title":{"rendered":"23.04.2019 &#8211; H3 eingeklemmte Person"},"content":{"rendered":"\n<p>Am 23.04.2019 wurde die Feuerwehr Oberriexingen zu einem Einsatz auf der Kreisstra\u00dfe in Richtung Sachsenheim alarmiert. Ein Fahrzeug war von der Stra\u00dfe abgekommen und \u00fcberschlug sich mehrfach. Die Fahrerin konnte sich selbst\u00e4ndig aus dem PKW befreien. Der Beifahrer wurde im Fahrzeug eingeklemmt und erlag seinen Verletzungen. Die Einsatzkr\u00e4fte stabilisierten den Wagen und hoben ihn vom Baum an.  nach der Beweisaufnahme durch die Polizei drehten die Kr\u00e4fte &#8211; mittels Greifzug &#8211; das Fahrzeug und schafften einen Zugang f\u00fcr die Bergung.<\/p>\n\n\n\n<figure class=\"wp-block-image is-resized\"><img decoding=\"async\" loading=\"lazy\" src=\"https:\/\/feuerwehr-oberriexingen.de\/content\/wp-content\/uploads\/2019\/04\/IMG-20190425-WA0032-1024x768.jpg\" alt=\"\" class=\"wp-image-1805\" width=\"346\" height=\"260\" srcset=\"https:\/\/feuerwehr-oberriexingen.de\/content\/wp-content\/uploads\/2019\/04\/IMG-20190425-WA0032-1024x768.jpg 1024w, https:\/\/feuerwehr-oberriexingen.de\/content\/wp-content\/uploads\/2019\/04\/IMG-20190425-WA0032-300x225.jpg 300w, https:\/\/feuerwehr-oberriexingen.de\/content\/wp-content\/uploads\/2019\/04\/IMG-20190425-WA0032-768x576.jpg 768w, https:\/\/feuerwehr-oberriexingen.de\/content\/wp-content\/uploads\/2019\/04\/IMG-20190425-WA0032-100x75.jpg 100w, https:\/\/feuerwehr-oberriexingen.de\/content\/wp-content\/uploads\/2019\/04\/IMG-20190425-WA0032-150x113.jpg 150w, https:\/\/feuerwehr-oberriexingen.de\/content\/wp-content\/uploads\/2019\/04\/IMG-20190425-WA0032-200x150.jpg 200w, https:\/\/feuerwehr-oberriexingen.de\/content\/wp-content\/uploads\/2019\/04\/IMG-20190425-WA0032-450x338.jpg 450w, https:\/\/feuerwehr-oberriexingen.de\/content\/wp-content\/uploads\/2019\/04\/IMG-20190425-WA0032-600x450.jpg 600w, https:\/\/feuerwehr-oberriexingen.de\/content\/wp-content\/uploads\/2019\/04\/IMG-20190425-WA0032-900x675.jpg 900w, https:\/\/feuerwehr-oberriexingen.de\/content\/wp-content\/uploads\/2019\/04\/IMG-20190425-WA0032.jpg 1600w\" sizes=\"(max-width: 346px) 100vw, 346px\" \/><\/figure>\n\n\n\n<figure class=\"wp-block-image is-resized\"><img decoding=\"async\" loading=\"lazy\" src=\"https:\/\/feuerwehr-oberriexingen.de\/content\/wp-content\/uploads\/2019\/04\/IMG-20190425-WA0034-1024x768.jpg\" alt=\"\" class=\"wp-image-1806\" width=\"384\" height=\"288\" srcset=\"https:\/\/feuerwehr-oberriexingen.de\/content\/wp-content\/uploads\/2019\/04\/IMG-20190425-WA0034-1024x768.jpg 1024w, https:\/\/feuerwehr-oberriexingen.de\/content\/wp-content\/uploads\/2019\/04\/IMG-20190425-WA0034-300x225.jpg 300w, https:\/\/feuerwehr-oberriexingen.de\/content\/wp-content\/uploads\/2019\/04\/IMG-20190425-WA0034-768x576.jpg 768w, https:\/\/feuerwehr-oberriexingen.de\/content\/wp-content\/uploads\/2019\/04\/IMG-20190425-WA0034-100x75.jpg 100w, https:\/\/feuerwehr-oberriexingen.de\/content\/wp-content\/uploads\/2019\/04\/IMG-20190425-WA0034-150x113.jpg 150w, https:\/\/feuerwehr-oberriexingen.de\/content\/wp-content\/uploads\/2019\/04\/IMG-20190425-WA0034-200x150.jpg 200w, https:\/\/feuerwehr-oberriexingen.de\/content\/wp-content\/uploads\/2019\/04\/IMG-20190425-WA0034-450x338.jpg 450w, https:\/\/feuerwehr-oberriexingen.de\/content\/wp-content\/uploads\/2019\/04\/IMG-20190425-WA0034-600x450.jpg 600w, https:\/\/feuerwehr-oberriexingen.de\/content\/wp-content\/uploads\/2019\/04\/IMG-20190425-WA0034-900x675.jpg 900w, https:\/\/feuerwehr-oberriexingen.de\/content\/wp-content\/uploads\/2019\/04\/IMG-20190425-WA0034.jpg 1600w\" sizes=\"(max-width: 384px) 100vw, 384px\" \/><\/figure>\n\n\n\n<figure class=\"wp-block-image is-resized\"><img decoding=\"async\" loading=\"lazy\" src=\"https:\/\/feuerwehr-oberriexingen.de\/content\/wp-content\/uploads\/2019\/04\/IMG-20190425-WA0031-1024x768.jpg\" alt=\"\" class=\"wp-image-1804\" width=\"383\" height=\"288\" srcset=\"https:\/\/feuerwehr-oberriexingen.de\/content\/wp-content\/uploads\/2019\/04\/IMG-20190425-WA0031-1024x768.jpg 1024w, https:\/\/feuerwehr-oberriexingen.de\/content\/wp-content\/uploads\/2019\/04\/IMG-20190425-WA0031-300x225.jpg 300w, https:\/\/feuerwehr-oberriexingen.de\/content\/wp-content\/uploads\/2019\/04\/IMG-20190425-WA0031-768x576.jpg 768w, https:\/\/feuerwehr-oberriexingen.de\/content\/wp-content\/uploads\/2019\/04\/IMG-20190425-WA0031-100x75.jpg 100w, https:\/\/feuerwehr-oberriexingen.de\/content\/wp-content\/uploads\/2019\/04\/IMG-20190425-WA0031-150x113.jpg 150w, https:\/\/feuerwehr-oberriexingen.de\/content\/wp-content\/uploads\/2019\/04\/IMG-20190425-WA0031-200x150.jpg 200w, https:\/\/feuerwehr-oberriexingen.de\/content\/wp-content\/uploads\/2019\/04\/IMG-20190425-WA0031-450x338.jpg 450w, https:\/\/feuerwehr-oberriexingen.de\/content\/wp-content\/uploads\/2019\/04\/IMG-20190425-WA0031-600x450.jpg 600w, https:\/\/feuerwehr-oberriexingen.de\/content\/wp-content\/uploads\/2019\/04\/IMG-20190425-WA0031-900x675.jpg 900w, https:\/\/feuerwehr-oberriexingen.de\/content\/wp-content\/uploads\/2019\/04\/IMG-20190425-WA0031.jpg 1600w\" sizes=\"(max-width: 383px) 100vw, 383px\" \/><figcaption><br><\/figcaption><\/figure>\n","protected":false},"author":2,"featured_media":1806,"template":"","meta":{"_cbd_carousel_blocks":"[]","einsatz_weight":1},"categories":[],"tags":[],"einsatzart":[9],"fahrzeug":[44,7,6,5],"exteinsatzmittel":[20,56,58],"alarmierungsart":[],"evw_unit":[],"yoast_head":"<!-- This site is optimized with the Yoast SEO plugin v17.8 - https:\/\/yoast.com\/wordpress\/plugins\/seo\/ -->\n<title>23.04.2019 - H3 eingeklemmte Person - Freiwillige Feuerwehr Oberriexingen<\/title>\n<meta name=\"robots\" content=\"index, follow, max-snippet:-1, max-image-preview:large, max-video-preview:-1\" \/>\n<link rel=\"canonical\" href=\"https:\/\/feuerwehr-oberriexingen.de\/content\/einsaetze\/23-04-2019-h3-eingeklemmte-person\/\" \/>\n<meta property=\"og:locale\" content=\"de_DE\" \/>\n<meta property=\"og:type\" content=\"article\" \/>\n<meta property=\"og:title\" content=\"23.04.2019 - H3 eingeklemmte Person - Freiwillige Feuerwehr Oberriexingen\" \/>\n<meta property=\"og:description\" content=\"Am 23.04.2019 wurde die Feuerwehr Oberriexingen zu einem Einsatz auf der Kreisstra\u00dfe in Richtung Sachsenheim alarmiert. Ein Fahrzeug war von der Stra\u00dfe abgekommen und \u00fcberschlug sich mehrfach. Die Fahrerin konnte sich selbst\u00e4ndig aus dem PKW befreien. Der Beifahrer wurde im &hellip; 23.04.2019 &#8211; H3 eingeklemmte Person Weiterlesen &raquo;\" \/>\n<meta property=\"og:url\" content=\"https:\/\/feuerwehr-oberriexingen.de\/content\/einsaetze\/23-04-2019-h3-eingeklemmte-person\/\" \/>\n<meta property=\"og:site_name\" content=\"Freiwillige Feuerwehr Oberriexingen\" \/>\n<meta property=\"article:publisher\" content=\"https:\/\/www.facebook.com\/ffwoberriexingen\/\" \/>\n<meta property=\"article:modified_time\" content=\"2019-05-01T08:59:05+00:00\" \/>\n<meta property=\"og:image\" content=\"https:\/\/feuerwehr-oberriexingen.de\/content\/wp-content\/uploads\/2019\/04\/IMG-20190425-WA0034.jpg\" \/>\n\t<meta property=\"og:image:width\" content=\"1600\" \/>\n\t<meta property=\"og:image:height\" content=\"1200\" \/>\n<script type=\"application\/ld+json\" class=\"yoast-schema-graph\">{\"@context\":\"https:\/\/schema.org\",\"@graph\":[{\"@type\":\"WebSite\",\"@id\":\"https:\/\/feuerwehr-oberriexingen.de\/content\/#website\",\"url\":\"https:\/\/feuerwehr-oberriexingen.de\/content\/\",\"name\":\"Freiwillige Feuerwehr Oberriexingen\",\"description\":\"24h f\\u00fcr Sie im Einsatz\",\"potentialAction\":[{\"@type\":\"SearchAction\",\"target\":{\"@type\":\"EntryPoint\",\"urlTemplate\":\"https:\/\/feuerwehr-oberriexingen.de\/content\/?s={search_term_string}\"},\"query-input\":\"required name=search_term_string\"}],\"inLanguage\":\"de\"},{\"@type\":\"ImageObject\",\"@id\":\"https:\/\/feuerwehr-oberriexingen.de\/content\/einsaetze\/23-04-2019-h3-eingeklemmte-person\/#primaryimage\",\"inLanguage\":\"de\",\"url\":\"https:\/\/feuerwehr-oberriexingen.de\/content\/wp-content\/uploads\/2019\/04\/IMG-20190425-WA0034.jpg\",\"contentUrl\":\"https:\/\/feuerwehr-oberriexingen.de\/content\/wp-content\/uploads\/2019\/04\/IMG-20190425-WA0034.jpg\",\"width\":1600,\"height\":1200},{\"@type\":\"WebPage\",\"@id\":\"https:\/\/feuerwehr-oberriexingen.de\/content\/einsaetze\/23-04-2019-h3-eingeklemmte-person\/#webpage\",\"url\":\"https:\/\/feuerwehr-oberriexingen.de\/content\/einsaetze\/23-04-2019-h3-eingeklemmte-person\/\",\"name\":\"23.04.2019 - H3 eingeklemmte Person - Freiwillige Feuerwehr Oberriexingen\",\"isPartOf\":{\"@id\":\"https:\/\/feuerwehr-oberriexingen.de\/content\/#website\"},\"primaryImageOfPage\":{\"@id\":\"https:\/\/feuerwehr-oberriexingen.de\/content\/einsaetze\/23-04-2019-h3-eingeklemmte-person\/#primaryimage\"},\"datePublished\":\"2019-04-23T17:00:00+00:00\",\"dateModified\":\"2019-05-01T08:59:05+00:00\",\"breadcrumb\":{\"@id\":\"https:\/\/feuerwehr-oberriexingen.de\/content\/einsaetze\/23-04-2019-h3-eingeklemmte-person\/#breadcrumb\"},\"inLanguage\":\"de\",\"potentialAction\":[{\"@type\":\"ReadAction\",\"target\":[\"https:\/\/feuerwehr-oberriexingen.de\/content\/einsaetze\/23-04-2019-h3-eingeklemmte-person\/\"]}]},{\"@type\":\"BreadcrumbList\",\"@id\":\"https:\/\/feuerwehr-oberriexingen.de\/content\/einsaetze\/23-04-2019-h3-eingeklemmte-person\/#breadcrumb\",\"itemListElement\":[{\"@type\":\"ListItem\",\"position\":1,\"name\":\"Home\",\"item\":\"https:\/\/feuerwehr-oberriexingen.de\/content\/\"},{\"@type\":\"ListItem\",\"position\":2,\"name\":\"Einsatzberichte\",\"item\":\"https:\/\/feuerwehr-oberriexingen.de\/content\/einsaetze\/\"},{\"@type\":\"ListItem\",\"position\":3,\"name\":\"23.04.2019 &#8211; H3 eingeklemmte Person\"}]}]}<\/script>\n<!-- \/ Yoast SEO plugin. -->","yoast_head_json":{"title":"23.04.2019 - H3 eingeklemmte Person - Freiwillige Feuerwehr Oberriexingen","robots":{"index":"index","follow":"follow","max-snippet":"max-snippet:-1","max-image-preview":"max-image-preview:large","max-video-preview":"max-video-preview:-1"},"canonical":"https:\/\/feuerwehr-oberriexingen.de\/content\/einsaetze\/23-04-2019-h3-eingeklemmte-person\/","og_locale":"de_DE","og_type":"article","og_title":"23.04.2019 - H3 eingeklemmte Person - Freiwillige Feuerwehr Oberriexingen","og_description":"Am 23.04.2019 wurde die Feuerwehr Oberriexingen zu einem Einsatz auf der Kreisstra\u00dfe in Richtung Sachsenheim alarmiert. Ein Fahrzeug war von der Stra\u00dfe abgekommen und \u00fcberschlug sich mehrfach. Die Fahrerin konnte sich selbst\u00e4ndig aus dem PKW befreien. Der Beifahrer wurde im &hellip; 23.04.2019 &#8211; H3 eingeklemmte Person Weiterlesen &raquo;","og_url":"https:\/\/feuerwehr-oberriexingen.de\/content\/einsaetze\/23-04-2019-h3-eingeklemmte-person\/","og_site_name":"Freiwillige Feuerwehr Oberriexingen","article_publisher":"https:\/\/www.facebook.com\/ffwoberriexingen\/","article_modified_time":"2019-05-01T08:59:05+00:00","og_image":[{"width":1600,"height":1200,"url":"https:\/\/feuerwehr-oberriexingen.de\/content\/wp-content\/uploads\/2019\/04\/IMG-20190425-WA0034.jpg","type":"image\/jpeg"}],"schema":{"@context":"https:\/\/schema.org","@graph":[{"@type":"WebSite","@id":"https:\/\/feuerwehr-oberriexingen.de\/content\/#website","url":"https:\/\/feuerwehr-oberriexingen.de\/content\/","name":"Freiwillige Feuerwehr Oberriexingen","description":"24h f\u00fcr Sie im Einsatz","potentialAction":[{"@type":"SearchAction","target":{"@type":"EntryPoint","urlTemplate":"https:\/\/feuerwehr-oberriexingen.de\/content\/?s={search_term_string}"},"query-input":"required name=search_term_string"}],"inLanguage":"de"},{"@type":"ImageObject","@id":"https:\/\/feuerwehr-oberriexingen.de\/content\/einsaetze\/23-04-2019-h3-eingeklemmte-person\/#primaryimage","inLanguage":"de","url":"https:\/\/feuerwehr-oberriexingen.de\/content\/wp-content\/uploads\/2019\/04\/IMG-20190425-WA0034.jpg","contentUrl":"https:\/\/feuerwehr-oberriexingen.de\/content\/wp-content\/uploads\/2019\/04\/IMG-20190425-WA0034.jpg","width":1600,"height":1200},{"@type":"WebPage","@id":"https:\/\/feuerwehr-oberriexingen.de\/content\/einsaetze\/23-04-2019-h3-eingeklemmte-person\/#webpage","url":"https:\/\/feuerwehr-oberriexingen.de\/content\/einsaetze\/23-04-2019-h3-eingeklemmte-person\/","name":"23.04.2019 - H3 eingeklemmte Person - Freiwillige Feuerwehr Oberriexingen","isPartOf":{"@id":"https:\/\/feuerwehr-oberriexingen.de\/content\/#website"},"primaryImageOfPage":{"@id":"https:\/\/feuerwehr-oberriexingen.de\/content\/einsaetze\/23-04-2019-h3-eingeklemmte-person\/#primaryimage"},"datePublished":"2019-04-23T17:00:00+00:00","dateModified":"2019-05-01T08:59:05+00:00","breadcrumb":{"@id":"https:\/\/feuerwehr-oberriexingen.de\/content\/einsaetze\/23-04-2019-h3-eingeklemmte-person\/#breadcrumb"},"inLanguage":"de","potentialAction":[{"@type":"ReadAction","target":["https:\/\/feuerwehr-oberriexingen.de\/content\/einsaetze\/23-04-2019-h3-eingeklemmte-person\/"]}]},{"@type":"BreadcrumbList","@id":"https:\/\/feuerwehr-oberriexingen.de\/content\/einsaetze\/23-04-2019-h3-eingeklemmte-person\/#breadcrumb","itemListElement":[{"@type":"ListItem","position":1,"name":"Home","item":"https:\/\/feuerwehr-oberriexingen.de\/content\/"},{"@type":"ListItem","position":2,"name":"Einsatzberichte","item":"https:\/\/feuerwehr-oberriexingen.de\/content\/einsaetze\/"},{"@type":"ListItem","position":3,"name":"23.04.2019 &#8211; H3 eingeklemmte Person"}]}]}},"_links":{"self":[{"href":"https:\/\/feuerwehr-oberriexingen.de\/content\/wp-json\/wp\/v2\/einsatz\/1802"}],"collection":[{"href":"https:\/\/feuerwehr-oberriexingen.de\/content\/wp-json\/wp\/v2\/einsatz"}],"about":[{"href":"https:\/\/feuerwehr-oberriexingen.de\/content\/wp-json\/wp\/v2\/types\/einsatz"}],"author":[{"embeddable":true,"href":"https:\/\/feuerwehr-oberriexingen.de\/content\/wp-json\/wp\/v2\/users\/2"}],"version-history":[{"count":4,"href":"https:\/\/feuerwehr-oberriexingen.de\/content\/wp-json\/wp\/v2\/einsatz\/1802\/revisions"}],"predecessor-version":[{"id":1829,"href":"https:\/\/feuerwehr-oberriexingen.de\/content\/wp-json\/wp\/v2\/einsatz\/1802\/revisions\/1829"}],"wp:featuredmedia":[{"embeddable":true,"href":"https:\/\/feuerwehr-oberriexingen.de\/content\/wp-json\/wp\/v2\/media\/1806"}],"wp:attachment":[{"href":"https:\/\/feuerwehr-oberriexingen.de\/content\/wp-json\/wp\/v2\/media?parent=1802"}],"wp:term":[{"taxonomy":"category","embeddable":true,"href":"https:\/\/feuerwehr-oberriexingen.de\/content\/wp-json\/wp\/v2\/categories?post=1802"},{"taxonomy":"post_tag","embeddable":true,"href":"https:\/\/feuerwehr-oberriexingen.de\/content\/wp-json\/wp\/v2\/tags?post=1802"},{"taxonomy":"einsatzart","embeddable":true,"href":"https:\/\/feuerwehr-oberriexingen.de\/content\/wp-json\/wp\/v2\/einsatzart?post=1802"},{"taxonomy":"fahrzeug","embeddable":true,"href":"https:\/\/feuerwehr-oberriexingen.de\/content\/wp-json\/wp\/v2\/fahrzeug?post=1802"},{"taxonomy":"exteinsatzmittel","embeddable":true,"href":"https:\/\/feuerwehr-oberriexingen.de\/content\/wp-json\/wp\/v2\/exteinsatzmittel?post=1802"},{"taxonomy":"alarmierungsart","embeddable":true,"href":"https:\/\/feuerwehr-oberriexingen.de\/content\/wp-json\/wp\/v2\/alarmierungsart?post=1802"},{"taxonomy":"evw_unit","embeddable":true,"href":"https:\/\/feuerwehr-oberriexingen.de\/content\/wp-json\/wp\/v2\/evw_unit?post=1802"}],"curies":[{"name":"wp","href":"https:\/\/api.w.org\/{rel}","templated":true}]}}