{"id":1755,"date":"2019-01-26T23:24:00","date_gmt":"2019-01-26T22:24:00","guid":{"rendered":"http:\/\/feuerwehr-oberriexingen.de\/content\/?post_type=einsatz&#038;p=1755"},"modified":"2019-04-26T08:44:47","modified_gmt":"2019-04-26T06:44:47","slug":"26-01-2019-h3-vu-eine-person-eingeklemmt","status":"publish","type":"einsatz","link":"https:\/\/feuerwehr-oberriexingen.de\/content\/einsaetze\/26-01-2019-h3-vu-eine-person-eingeklemmt\/","title":{"rendered":"26.01.2019 &#8211; H3 VU eine Person eingeklemmt"},"content":{"rendered":"<p>Am 26.01.2019 wurde die Feuerwehr Oberriexingen zu einem Verkehrsunfall alarmiert. Ein Auto war eine B\u00f6schung heruntergerutscht, dadurch wurde eine Person im Fahrzeug eingeklemmt. Die Einsatzkr\u00e4fte zogen den Pkw mithilfe der Seilwinde der Feuerwehr Enzweihingen aus der B\u00f6schung und \u00fcbergaben die Person dem Rettungsdienst.<\/p>\n<p>&nbsp;<\/p>\n<p><a href=\"https:\/\/feuerwehr-oberriexingen.de\/content\/wp-content\/uploads\/2019\/01\/IMG-20190127-WA0000.jpg\"><img decoding=\"async\" loading=\"lazy\" width=\"300\" height=\"225\" class=\"alignnone size-medium wp-image-1756\" alt=\"\" src=\"https:\/\/feuerwehr-oberriexingen.de\/content\/wp-content\/uploads\/2019\/01\/IMG-20190127-WA0000-300x225.jpg\" srcset=\"https:\/\/feuerwehr-oberriexingen.de\/content\/wp-content\/uploads\/2019\/01\/IMG-20190127-WA0000-300x225.jpg 300w, https:\/\/feuerwehr-oberriexingen.de\/content\/wp-content\/uploads\/2019\/01\/IMG-20190127-WA0000-768x576.jpg 768w, https:\/\/feuerwehr-oberriexingen.de\/content\/wp-content\/uploads\/2019\/01\/IMG-20190127-WA0000-1024x768.jpg 1024w, https:\/\/feuerwehr-oberriexingen.de\/content\/wp-content\/uploads\/2019\/01\/IMG-20190127-WA0000-100x75.jpg 100w, https:\/\/feuerwehr-oberriexingen.de\/content\/wp-content\/uploads\/2019\/01\/IMG-20190127-WA0000-150x113.jpg 150w, https:\/\/feuerwehr-oberriexingen.de\/content\/wp-content\/uploads\/2019\/01\/IMG-20190127-WA0000-200x150.jpg 200w, https:\/\/feuerwehr-oberriexingen.de\/content\/wp-content\/uploads\/2019\/01\/IMG-20190127-WA0000-450x338.jpg 450w, https:\/\/feuerwehr-oberriexingen.de\/content\/wp-content\/uploads\/2019\/01\/IMG-20190127-WA0000-600x450.jpg 600w, https:\/\/feuerwehr-oberriexingen.de\/content\/wp-content\/uploads\/2019\/01\/IMG-20190127-WA0000-900x675.jpg 900w, https:\/\/feuerwehr-oberriexingen.de\/content\/wp-content\/uploads\/2019\/01\/IMG-20190127-WA0000.jpg 1600w\" sizes=\"(max-width: 300px) 100vw, 300px\" \/><\/a> <a href=\"https:\/\/feuerwehr-oberriexingen.de\/content\/wp-content\/uploads\/2019\/01\/InkedIMG-20190127-WA0004_LI_Verpixelt.jpg\"><img decoding=\"async\" loading=\"lazy\" width=\"300\" height=\"225\" class=\"alignnone size-medium wp-image-1757\" alt=\"\" src=\"https:\/\/feuerwehr-oberriexingen.de\/content\/wp-content\/uploads\/2019\/01\/InkedIMG-20190127-WA0004_LI_Verpixelt-300x225.jpg\" srcset=\"https:\/\/feuerwehr-oberriexingen.de\/content\/wp-content\/uploads\/2019\/01\/InkedIMG-20190127-WA0004_LI_Verpixelt-300x225.jpg 300w, https:\/\/feuerwehr-oberriexingen.de\/content\/wp-content\/uploads\/2019\/01\/InkedIMG-20190127-WA0004_LI_Verpixelt-768x576.jpg 768w, https:\/\/feuerwehr-oberriexingen.de\/content\/wp-content\/uploads\/2019\/01\/InkedIMG-20190127-WA0004_LI_Verpixelt-1024x768.jpg 1024w, https:\/\/feuerwehr-oberriexingen.de\/content\/wp-content\/uploads\/2019\/01\/InkedIMG-20190127-WA0004_LI_Verpixelt-100x75.jpg 100w, https:\/\/feuerwehr-oberriexingen.de\/content\/wp-content\/uploads\/2019\/01\/InkedIMG-20190127-WA0004_LI_Verpixelt-150x113.jpg 150w, https:\/\/feuerwehr-oberriexingen.de\/content\/wp-content\/uploads\/2019\/01\/InkedIMG-20190127-WA0004_LI_Verpixelt-200x150.jpg 200w, https:\/\/feuerwehr-oberriexingen.de\/content\/wp-content\/uploads\/2019\/01\/InkedIMG-20190127-WA0004_LI_Verpixelt-450x338.jpg 450w, https:\/\/feuerwehr-oberriexingen.de\/content\/wp-content\/uploads\/2019\/01\/InkedIMG-20190127-WA0004_LI_Verpixelt-600x450.jpg 600w, https:\/\/feuerwehr-oberriexingen.de\/content\/wp-content\/uploads\/2019\/01\/InkedIMG-20190127-WA0004_LI_Verpixelt-900x675.jpg 900w, https:\/\/feuerwehr-oberriexingen.de\/content\/wp-content\/uploads\/2019\/01\/InkedIMG-20190127-WA0004_LI_Verpixelt.jpg 1600w\" sizes=\"(max-width: 300px) 100vw, 300px\" \/><\/a><\/p>\n","protected":false},"author":2,"featured_media":1756,"template":"","meta":{"_cbd_carousel_blocks":"[]","einsatz_weight":1},"categories":[],"tags":[],"einsatzart":[9],"fahrzeug":[44,6,5],"exteinsatzmittel":[22,56,58],"alarmierungsart":[],"evw_unit":[],"yoast_head":"<!-- This site is optimized with the Yoast SEO plugin v17.8 - https:\/\/yoast.com\/wordpress\/plugins\/seo\/ -->\n<title>26.01.2019 - H3 VU eine Person eingeklemmt - Freiwillige Feuerwehr Oberriexingen<\/title>\n<meta name=\"robots\" content=\"index, follow, max-snippet:-1, max-image-preview:large, max-video-preview:-1\" \/>\n<link rel=\"canonical\" href=\"https:\/\/feuerwehr-oberriexingen.de\/content\/einsaetze\/26-01-2019-h3-vu-eine-person-eingeklemmt\/\" \/>\n<meta property=\"og:locale\" content=\"de_DE\" \/>\n<meta property=\"og:type\" content=\"article\" \/>\n<meta property=\"og:title\" content=\"26.01.2019 - H3 VU eine Person eingeklemmt - Freiwillige Feuerwehr Oberriexingen\" \/>\n<meta property=\"og:description\" content=\"Am 26.01.2019 wurde die Feuerwehr Oberriexingen zu einem Verkehrsunfall alarmiert. Ein Auto war eine B\u00f6schung heruntergerutscht, dadurch wurde eine Person im Fahrzeug eingeklemmt. Die Einsatzkr\u00e4fte zogen den Pkw mithilfe der Seilwinde der Feuerwehr Enzweihingen aus der B\u00f6schung und \u00fcbergaben die &hellip; 26.01.2019 &#8211; H3 VU eine Person eingeklemmt Weiterlesen &raquo;\" \/>\n<meta property=\"og:url\" content=\"https:\/\/feuerwehr-oberriexingen.de\/content\/einsaetze\/26-01-2019-h3-vu-eine-person-eingeklemmt\/\" \/>\n<meta property=\"og:site_name\" content=\"Freiwillige Feuerwehr Oberriexingen\" \/>\n<meta property=\"article:publisher\" content=\"https:\/\/www.facebook.com\/ffwoberriexingen\/\" \/>\n<meta property=\"article:modified_time\" content=\"2019-04-26T06:44:47+00:00\" \/>\n<meta property=\"og:image\" content=\"https:\/\/feuerwehr-oberriexingen.de\/content\/wp-content\/uploads\/2019\/01\/IMG-20190127-WA0000.jpg\" \/>\n\t<meta property=\"og:image:width\" content=\"1600\" \/>\n\t<meta property=\"og:image:height\" content=\"1200\" \/>\n<script type=\"application\/ld+json\" class=\"yoast-schema-graph\">{\"@context\":\"https:\/\/schema.org\",\"@graph\":[{\"@type\":\"WebSite\",\"@id\":\"https:\/\/feuerwehr-oberriexingen.de\/content\/#website\",\"url\":\"https:\/\/feuerwehr-oberriexingen.de\/content\/\",\"name\":\"Freiwillige Feuerwehr Oberriexingen\",\"description\":\"24h f\\u00fcr Sie im Einsatz\",\"potentialAction\":[{\"@type\":\"SearchAction\",\"target\":{\"@type\":\"EntryPoint\",\"urlTemplate\":\"https:\/\/feuerwehr-oberriexingen.de\/content\/?s={search_term_string}\"},\"query-input\":\"required name=search_term_string\"}],\"inLanguage\":\"de\"},{\"@type\":\"ImageObject\",\"@id\":\"https:\/\/feuerwehr-oberriexingen.de\/content\/einsaetze\/26-01-2019-h3-vu-eine-person-eingeklemmt\/#primaryimage\",\"inLanguage\":\"de\",\"url\":\"https:\/\/feuerwehr-oberriexingen.de\/content\/wp-content\/uploads\/2019\/01\/IMG-20190127-WA0000.jpg\",\"contentUrl\":\"https:\/\/feuerwehr-oberriexingen.de\/content\/wp-content\/uploads\/2019\/01\/IMG-20190127-WA0000.jpg\",\"width\":1600,\"height\":1200},{\"@type\":\"WebPage\",\"@id\":\"https:\/\/feuerwehr-oberriexingen.de\/content\/einsaetze\/26-01-2019-h3-vu-eine-person-eingeklemmt\/#webpage\",\"url\":\"https:\/\/feuerwehr-oberriexingen.de\/content\/einsaetze\/26-01-2019-h3-vu-eine-person-eingeklemmt\/\",\"name\":\"26.01.2019 - H3 VU eine Person eingeklemmt - Freiwillige Feuerwehr Oberriexingen\",\"isPartOf\":{\"@id\":\"https:\/\/feuerwehr-oberriexingen.de\/content\/#website\"},\"primaryImageOfPage\":{\"@id\":\"https:\/\/feuerwehr-oberriexingen.de\/content\/einsaetze\/26-01-2019-h3-vu-eine-person-eingeklemmt\/#primaryimage\"},\"datePublished\":\"2019-01-26T22:24:00+00:00\",\"dateModified\":\"2019-04-26T06:44:47+00:00\",\"breadcrumb\":{\"@id\":\"https:\/\/feuerwehr-oberriexingen.de\/content\/einsaetze\/26-01-2019-h3-vu-eine-person-eingeklemmt\/#breadcrumb\"},\"inLanguage\":\"de\",\"potentialAction\":[{\"@type\":\"ReadAction\",\"target\":[\"https:\/\/feuerwehr-oberriexingen.de\/content\/einsaetze\/26-01-2019-h3-vu-eine-person-eingeklemmt\/\"]}]},{\"@type\":\"BreadcrumbList\",\"@id\":\"https:\/\/feuerwehr-oberriexingen.de\/content\/einsaetze\/26-01-2019-h3-vu-eine-person-eingeklemmt\/#breadcrumb\",\"itemListElement\":[{\"@type\":\"ListItem\",\"position\":1,\"name\":\"Home\",\"item\":\"https:\/\/feuerwehr-oberriexingen.de\/content\/\"},{\"@type\":\"ListItem\",\"position\":2,\"name\":\"Einsatzberichte\",\"item\":\"https:\/\/feuerwehr-oberriexingen.de\/content\/einsaetze\/\"},{\"@type\":\"ListItem\",\"position\":3,\"name\":\"26.01.2019 &#8211; H3 VU eine Person eingeklemmt\"}]}]}<\/script>\n<!-- \/ Yoast SEO plugin. -->","yoast_head_json":{"title":"26.01.2019 - H3 VU eine Person eingeklemmt - Freiwillige Feuerwehr Oberriexingen","robots":{"index":"index","follow":"follow","max-snippet":"max-snippet:-1","max-image-preview":"max-image-preview:large","max-video-preview":"max-video-preview:-1"},"canonical":"https:\/\/feuerwehr-oberriexingen.de\/content\/einsaetze\/26-01-2019-h3-vu-eine-person-eingeklemmt\/","og_locale":"de_DE","og_type":"article","og_title":"26.01.2019 - H3 VU eine Person eingeklemmt - Freiwillige Feuerwehr Oberriexingen","og_description":"Am 26.01.2019 wurde die Feuerwehr Oberriexingen zu einem Verkehrsunfall alarmiert. Ein Auto war eine B\u00f6schung heruntergerutscht, dadurch wurde eine Person im Fahrzeug eingeklemmt. Die Einsatzkr\u00e4fte zogen den Pkw mithilfe der Seilwinde der Feuerwehr Enzweihingen aus der B\u00f6schung und \u00fcbergaben die &hellip; 26.01.2019 &#8211; H3 VU eine Person eingeklemmt Weiterlesen &raquo;","og_url":"https:\/\/feuerwehr-oberriexingen.de\/content\/einsaetze\/26-01-2019-h3-vu-eine-person-eingeklemmt\/","og_site_name":"Freiwillige Feuerwehr Oberriexingen","article_publisher":"https:\/\/www.facebook.com\/ffwoberriexingen\/","article_modified_time":"2019-04-26T06:44:47+00:00","og_image":[{"width":1600,"height":1200,"url":"https:\/\/feuerwehr-oberriexingen.de\/content\/wp-content\/uploads\/2019\/01\/IMG-20190127-WA0000.jpg","type":"image\/jpeg"}],"schema":{"@context":"https:\/\/schema.org","@graph":[{"@type":"WebSite","@id":"https:\/\/feuerwehr-oberriexingen.de\/content\/#website","url":"https:\/\/feuerwehr-oberriexingen.de\/content\/","name":"Freiwillige Feuerwehr Oberriexingen","description":"24h f\u00fcr Sie im Einsatz","potentialAction":[{"@type":"SearchAction","target":{"@type":"EntryPoint","urlTemplate":"https:\/\/feuerwehr-oberriexingen.de\/content\/?s={search_term_string}"},"query-input":"required name=search_term_string"}],"inLanguage":"de"},{"@type":"ImageObject","@id":"https:\/\/feuerwehr-oberriexingen.de\/content\/einsaetze\/26-01-2019-h3-vu-eine-person-eingeklemmt\/#primaryimage","inLanguage":"de","url":"https:\/\/feuerwehr-oberriexingen.de\/content\/wp-content\/uploads\/2019\/01\/IMG-20190127-WA0000.jpg","contentUrl":"https:\/\/feuerwehr-oberriexingen.de\/content\/wp-content\/uploads\/2019\/01\/IMG-20190127-WA0000.jpg","width":1600,"height":1200},{"@type":"WebPage","@id":"https:\/\/feuerwehr-oberriexingen.de\/content\/einsaetze\/26-01-2019-h3-vu-eine-person-eingeklemmt\/#webpage","url":"https:\/\/feuerwehr-oberriexingen.de\/content\/einsaetze\/26-01-2019-h3-vu-eine-person-eingeklemmt\/","name":"26.01.2019 - H3 VU eine Person eingeklemmt - Freiwillige Feuerwehr Oberriexingen","isPartOf":{"@id":"https:\/\/feuerwehr-oberriexingen.de\/content\/#website"},"primaryImageOfPage":{"@id":"https:\/\/feuerwehr-oberriexingen.de\/content\/einsaetze\/26-01-2019-h3-vu-eine-person-eingeklemmt\/#primaryimage"},"datePublished":"2019-01-26T22:24:00+00:00","dateModified":"2019-04-26T06:44:47+00:00","breadcrumb":{"@id":"https:\/\/feuerwehr-oberriexingen.de\/content\/einsaetze\/26-01-2019-h3-vu-eine-person-eingeklemmt\/#breadcrumb"},"inLanguage":"de","potentialAction":[{"@type":"ReadAction","target":["https:\/\/feuerwehr-oberriexingen.de\/content\/einsaetze\/26-01-2019-h3-vu-eine-person-eingeklemmt\/"]}]},{"@type":"BreadcrumbList","@id":"https:\/\/feuerwehr-oberriexingen.de\/content\/einsaetze\/26-01-2019-h3-vu-eine-person-eingeklemmt\/#breadcrumb","itemListElement":[{"@type":"ListItem","position":1,"name":"Home","item":"https:\/\/feuerwehr-oberriexingen.de\/content\/"},{"@type":"ListItem","position":2,"name":"Einsatzberichte","item":"https:\/\/feuerwehr-oberriexingen.de\/content\/einsaetze\/"},{"@type":"ListItem","position":3,"name":"26.01.2019 &#8211; H3 VU eine Person eingeklemmt"}]}]}},"_links":{"self":[{"href":"https:\/\/feuerwehr-oberriexingen.de\/content\/wp-json\/wp\/v2\/einsatz\/1755"}],"collection":[{"href":"https:\/\/feuerwehr-oberriexingen.de\/content\/wp-json\/wp\/v2\/einsatz"}],"about":[{"href":"https:\/\/feuerwehr-oberriexingen.de\/content\/wp-json\/wp\/v2\/types\/einsatz"}],"author":[{"embeddable":true,"href":"https:\/\/feuerwehr-oberriexingen.de\/content\/wp-json\/wp\/v2\/users\/2"}],"version-history":[{"count":2,"href":"https:\/\/feuerwehr-oberriexingen.de\/content\/wp-json\/wp\/v2\/einsatz\/1755\/revisions"}],"predecessor-version":[{"id":1822,"href":"https:\/\/feuerwehr-oberriexingen.de\/content\/wp-json\/wp\/v2\/einsatz\/1755\/revisions\/1822"}],"wp:featuredmedia":[{"embeddable":true,"href":"https:\/\/feuerwehr-oberriexingen.de\/content\/wp-json\/wp\/v2\/media\/1756"}],"wp:attachment":[{"href":"https:\/\/feuerwehr-oberriexingen.de\/content\/wp-json\/wp\/v2\/media?parent=1755"}],"wp:term":[{"taxonomy":"category","embeddable":true,"href":"https:\/\/feuerwehr-oberriexingen.de\/content\/wp-json\/wp\/v2\/categories?post=1755"},{"taxonomy":"post_tag","embeddable":true,"href":"https:\/\/feuerwehr-oberriexingen.de\/content\/wp-json\/wp\/v2\/tags?post=1755"},{"taxonomy":"einsatzart","embeddable":true,"href":"https:\/\/feuerwehr-oberriexingen.de\/content\/wp-json\/wp\/v2\/einsatzart?post=1755"},{"taxonomy":"fahrzeug","embeddable":true,"href":"https:\/\/feuerwehr-oberriexingen.de\/content\/wp-json\/wp\/v2\/fahrzeug?post=1755"},{"taxonomy":"exteinsatzmittel","embeddable":true,"href":"https:\/\/feuerwehr-oberriexingen.de\/content\/wp-json\/wp\/v2\/exteinsatzmittel?post=1755"},{"taxonomy":"alarmierungsart","embeddable":true,"href":"https:\/\/feuerwehr-oberriexingen.de\/content\/wp-json\/wp\/v2\/alarmierungsart?post=1755"},{"taxonomy":"evw_unit","embeddable":true,"href":"https:\/\/feuerwehr-oberriexingen.de\/content\/wp-json\/wp\/v2\/evw_unit?post=1755"}],"curies":[{"name":"wp","href":"https:\/\/api.w.org\/{rel}","templated":true}]}}