{"id":1604,"date":"2018-05-20T10:47:00","date_gmt":"2018-05-20T09:47:00","guid":{"rendered":"http:\/\/feuerwehr-oberriexingen.de\/content\/?post_type=einsatz&#038;p=1604"},"modified":"2018-05-20T11:39:56","modified_gmt":"2018-05-20T10:39:56","slug":"20-05-2018-h1-tuere-oeffnen","status":"publish","type":"einsatz","link":"https:\/\/feuerwehr-oberriexingen.de\/content\/einsaetze\/20-05-2018-h1-tuere-oeffnen\/","title":{"rendered":"20.05.2018 &#8211; H1 T\u00fcre \u00f6ffnen"},"content":{"rendered":"<p>Am 20.05.2018 wurde die Feuerwehr Oberriexingen zu einer T\u00fcr\u00f6ffnung alarmiert. Die Einsatzkr\u00e4fte schafften einen Zugang in das Geb\u00e4ude und \u00fcbergaben die Einsatzstelle anschlie\u00dfend an den Rettungsdienst.<\/p>\n<p><a href=\"https:\/\/feuerwehr-oberriexingen.de\/content\/wp-content\/uploads\/2015\/01\/Technische-Hilfeleistung.jpg\"><img decoding=\"async\" loading=\"lazy\" class=\"alignnone size-medium wp-image-172\" src=\"https:\/\/feuerwehr-oberriexingen.de\/content\/wp-content\/uploads\/2015\/01\/Technische-Hilfeleistung-300x183.jpg\" alt=\"\" width=\"300\" height=\"183\" srcset=\"https:\/\/feuerwehr-oberriexingen.de\/content\/wp-content\/uploads\/2015\/01\/Technische-Hilfeleistung-300x183.jpg 300w, https:\/\/feuerwehr-oberriexingen.de\/content\/wp-content\/uploads\/2015\/01\/Technische-Hilfeleistung-100x61.jpg 100w, https:\/\/feuerwehr-oberriexingen.de\/content\/wp-content\/uploads\/2015\/01\/Technische-Hilfeleistung-150x91.jpg 150w, https:\/\/feuerwehr-oberriexingen.de\/content\/wp-content\/uploads\/2015\/01\/Technische-Hilfeleistung-200x122.jpg 200w, https:\/\/feuerwehr-oberriexingen.de\/content\/wp-content\/uploads\/2015\/01\/Technische-Hilfeleistung-450x274.jpg 450w, https:\/\/feuerwehr-oberriexingen.de\/content\/wp-content\/uploads\/2015\/01\/Technische-Hilfeleistung-600x365.jpg 600w, https:\/\/feuerwehr-oberriexingen.de\/content\/wp-content\/uploads\/2015\/01\/Technische-Hilfeleistung.jpg 682w\" sizes=\"(max-width: 300px) 100vw, 300px\" \/><\/a><\/p>\n","protected":false},"author":2,"featured_media":172,"template":"","meta":{"_cbd_carousel_blocks":"[]","einsatz_weight":1},"categories":[],"tags":[],"einsatzart":[9],"fahrzeug":[44,7],"exteinsatzmittel":[56,58,54],"alarmierungsart":[23],"evw_unit":[],"yoast_head":"<!-- This site is optimized with the Yoast SEO plugin v17.8 - https:\/\/yoast.com\/wordpress\/plugins\/seo\/ -->\n<title>20.05.2018 - H1 T\u00fcre \u00f6ffnen - Freiwillige Feuerwehr Oberriexingen<\/title>\n<meta name=\"robots\" content=\"index, follow, max-snippet:-1, max-image-preview:large, max-video-preview:-1\" \/>\n<link rel=\"canonical\" href=\"https:\/\/feuerwehr-oberriexingen.de\/content\/einsaetze\/20-05-2018-h1-tuere-oeffnen\/\" \/>\n<meta property=\"og:locale\" content=\"de_DE\" \/>\n<meta property=\"og:type\" content=\"article\" \/>\n<meta property=\"og:title\" content=\"20.05.2018 - H1 T\u00fcre \u00f6ffnen - Freiwillige Feuerwehr Oberriexingen\" \/>\n<meta property=\"og:description\" content=\"Am 20.05.2018 wurde die Feuerwehr Oberriexingen zu einer T\u00fcr\u00f6ffnung alarmiert. Die Einsatzkr\u00e4fte schafften einen Zugang in das Geb\u00e4ude und \u00fcbergaben die Einsatzstelle anschlie\u00dfend an den Rettungsdienst.\" \/>\n<meta property=\"og:url\" content=\"https:\/\/feuerwehr-oberriexingen.de\/content\/einsaetze\/20-05-2018-h1-tuere-oeffnen\/\" \/>\n<meta property=\"og:site_name\" content=\"Freiwillige Feuerwehr Oberriexingen\" \/>\n<meta property=\"article:publisher\" content=\"https:\/\/www.facebook.com\/ffwoberriexingen\/\" \/>\n<meta property=\"article:modified_time\" content=\"2018-05-20T10:39:56+00:00\" \/>\n<meta property=\"og:image\" content=\"https:\/\/feuerwehr-oberriexingen.de\/content\/wp-content\/uploads\/2015\/01\/Technische-Hilfeleistung.jpg\" \/>\n\t<meta property=\"og:image:width\" content=\"682\" \/>\n\t<meta property=\"og:image:height\" content=\"415\" \/>\n<script type=\"application\/ld+json\" class=\"yoast-schema-graph\">{\"@context\":\"https:\/\/schema.org\",\"@graph\":[{\"@type\":\"WebSite\",\"@id\":\"https:\/\/feuerwehr-oberriexingen.de\/content\/#website\",\"url\":\"https:\/\/feuerwehr-oberriexingen.de\/content\/\",\"name\":\"Freiwillige Feuerwehr Oberriexingen\",\"description\":\"24h f\\u00fcr Sie im Einsatz\",\"potentialAction\":[{\"@type\":\"SearchAction\",\"target\":{\"@type\":\"EntryPoint\",\"urlTemplate\":\"https:\/\/feuerwehr-oberriexingen.de\/content\/?s={search_term_string}\"},\"query-input\":\"required name=search_term_string\"}],\"inLanguage\":\"de\"},{\"@type\":\"ImageObject\",\"@id\":\"https:\/\/feuerwehr-oberriexingen.de\/content\/einsaetze\/20-05-2018-h1-tuere-oeffnen\/#primaryimage\",\"inLanguage\":\"de\",\"url\":\"https:\/\/feuerwehr-oberriexingen.de\/content\/wp-content\/uploads\/2015\/01\/Technische-Hilfeleistung.jpg\",\"contentUrl\":\"https:\/\/feuerwehr-oberriexingen.de\/content\/wp-content\/uploads\/2015\/01\/Technische-Hilfeleistung.jpg\",\"width\":682,\"height\":415},{\"@type\":\"WebPage\",\"@id\":\"https:\/\/feuerwehr-oberriexingen.de\/content\/einsaetze\/20-05-2018-h1-tuere-oeffnen\/#webpage\",\"url\":\"https:\/\/feuerwehr-oberriexingen.de\/content\/einsaetze\/20-05-2018-h1-tuere-oeffnen\/\",\"name\":\"20.05.2018 - H1 T\\u00fcre \\u00f6ffnen - Freiwillige Feuerwehr Oberriexingen\",\"isPartOf\":{\"@id\":\"https:\/\/feuerwehr-oberriexingen.de\/content\/#website\"},\"primaryImageOfPage\":{\"@id\":\"https:\/\/feuerwehr-oberriexingen.de\/content\/einsaetze\/20-05-2018-h1-tuere-oeffnen\/#primaryimage\"},\"datePublished\":\"2018-05-20T09:47:00+00:00\",\"dateModified\":\"2018-05-20T10:39:56+00:00\",\"breadcrumb\":{\"@id\":\"https:\/\/feuerwehr-oberriexingen.de\/content\/einsaetze\/20-05-2018-h1-tuere-oeffnen\/#breadcrumb\"},\"inLanguage\":\"de\",\"potentialAction\":[{\"@type\":\"ReadAction\",\"target\":[\"https:\/\/feuerwehr-oberriexingen.de\/content\/einsaetze\/20-05-2018-h1-tuere-oeffnen\/\"]}]},{\"@type\":\"BreadcrumbList\",\"@id\":\"https:\/\/feuerwehr-oberriexingen.de\/content\/einsaetze\/20-05-2018-h1-tuere-oeffnen\/#breadcrumb\",\"itemListElement\":[{\"@type\":\"ListItem\",\"position\":1,\"name\":\"Home\",\"item\":\"https:\/\/feuerwehr-oberriexingen.de\/content\/\"},{\"@type\":\"ListItem\",\"position\":2,\"name\":\"Einsatzberichte\",\"item\":\"https:\/\/feuerwehr-oberriexingen.de\/content\/einsaetze\/\"},{\"@type\":\"ListItem\",\"position\":3,\"name\":\"20.05.2018 &#8211; H1 T\\u00fcre \\u00f6ffnen\"}]}]}<\/script>\n<!-- \/ Yoast SEO plugin. -->","yoast_head_json":{"title":"20.05.2018 - H1 T\u00fcre \u00f6ffnen - Freiwillige Feuerwehr Oberriexingen","robots":{"index":"index","follow":"follow","max-snippet":"max-snippet:-1","max-image-preview":"max-image-preview:large","max-video-preview":"max-video-preview:-1"},"canonical":"https:\/\/feuerwehr-oberriexingen.de\/content\/einsaetze\/20-05-2018-h1-tuere-oeffnen\/","og_locale":"de_DE","og_type":"article","og_title":"20.05.2018 - H1 T\u00fcre \u00f6ffnen - Freiwillige Feuerwehr Oberriexingen","og_description":"Am 20.05.2018 wurde die Feuerwehr Oberriexingen zu einer T\u00fcr\u00f6ffnung alarmiert. Die Einsatzkr\u00e4fte schafften einen Zugang in das Geb\u00e4ude und \u00fcbergaben die Einsatzstelle anschlie\u00dfend an den Rettungsdienst.","og_url":"https:\/\/feuerwehr-oberriexingen.de\/content\/einsaetze\/20-05-2018-h1-tuere-oeffnen\/","og_site_name":"Freiwillige Feuerwehr Oberriexingen","article_publisher":"https:\/\/www.facebook.com\/ffwoberriexingen\/","article_modified_time":"2018-05-20T10:39:56+00:00","og_image":[{"width":682,"height":415,"url":"https:\/\/feuerwehr-oberriexingen.de\/content\/wp-content\/uploads\/2015\/01\/Technische-Hilfeleistung.jpg","type":"image\/jpeg"}],"schema":{"@context":"https:\/\/schema.org","@graph":[{"@type":"WebSite","@id":"https:\/\/feuerwehr-oberriexingen.de\/content\/#website","url":"https:\/\/feuerwehr-oberriexingen.de\/content\/","name":"Freiwillige Feuerwehr Oberriexingen","description":"24h f\u00fcr Sie im Einsatz","potentialAction":[{"@type":"SearchAction","target":{"@type":"EntryPoint","urlTemplate":"https:\/\/feuerwehr-oberriexingen.de\/content\/?s={search_term_string}"},"query-input":"required name=search_term_string"}],"inLanguage":"de"},{"@type":"ImageObject","@id":"https:\/\/feuerwehr-oberriexingen.de\/content\/einsaetze\/20-05-2018-h1-tuere-oeffnen\/#primaryimage","inLanguage":"de","url":"https:\/\/feuerwehr-oberriexingen.de\/content\/wp-content\/uploads\/2015\/01\/Technische-Hilfeleistung.jpg","contentUrl":"https:\/\/feuerwehr-oberriexingen.de\/content\/wp-content\/uploads\/2015\/01\/Technische-Hilfeleistung.jpg","width":682,"height":415},{"@type":"WebPage","@id":"https:\/\/feuerwehr-oberriexingen.de\/content\/einsaetze\/20-05-2018-h1-tuere-oeffnen\/#webpage","url":"https:\/\/feuerwehr-oberriexingen.de\/content\/einsaetze\/20-05-2018-h1-tuere-oeffnen\/","name":"20.05.2018 - H1 T\u00fcre \u00f6ffnen - Freiwillige Feuerwehr Oberriexingen","isPartOf":{"@id":"https:\/\/feuerwehr-oberriexingen.de\/content\/#website"},"primaryImageOfPage":{"@id":"https:\/\/feuerwehr-oberriexingen.de\/content\/einsaetze\/20-05-2018-h1-tuere-oeffnen\/#primaryimage"},"datePublished":"2018-05-20T09:47:00+00:00","dateModified":"2018-05-20T10:39:56+00:00","breadcrumb":{"@id":"https:\/\/feuerwehr-oberriexingen.de\/content\/einsaetze\/20-05-2018-h1-tuere-oeffnen\/#breadcrumb"},"inLanguage":"de","potentialAction":[{"@type":"ReadAction","target":["https:\/\/feuerwehr-oberriexingen.de\/content\/einsaetze\/20-05-2018-h1-tuere-oeffnen\/"]}]},{"@type":"BreadcrumbList","@id":"https:\/\/feuerwehr-oberriexingen.de\/content\/einsaetze\/20-05-2018-h1-tuere-oeffnen\/#breadcrumb","itemListElement":[{"@type":"ListItem","position":1,"name":"Home","item":"https:\/\/feuerwehr-oberriexingen.de\/content\/"},{"@type":"ListItem","position":2,"name":"Einsatzberichte","item":"https:\/\/feuerwehr-oberriexingen.de\/content\/einsaetze\/"},{"@type":"ListItem","position":3,"name":"20.05.2018 &#8211; H1 T\u00fcre \u00f6ffnen"}]}]}},"_links":{"self":[{"href":"https:\/\/feuerwehr-oberriexingen.de\/content\/wp-json\/wp\/v2\/einsatz\/1604"}],"collection":[{"href":"https:\/\/feuerwehr-oberriexingen.de\/content\/wp-json\/wp\/v2\/einsatz"}],"about":[{"href":"https:\/\/feuerwehr-oberriexingen.de\/content\/wp-json\/wp\/v2\/types\/einsatz"}],"author":[{"embeddable":true,"href":"https:\/\/feuerwehr-oberriexingen.de\/content\/wp-json\/wp\/v2\/users\/2"}],"version-history":[{"count":1,"href":"https:\/\/feuerwehr-oberriexingen.de\/content\/wp-json\/wp\/v2\/einsatz\/1604\/revisions"}],"predecessor-version":[{"id":1605,"href":"https:\/\/feuerwehr-oberriexingen.de\/content\/wp-json\/wp\/v2\/einsatz\/1604\/revisions\/1605"}],"wp:featuredmedia":[{"embeddable":true,"href":"https:\/\/feuerwehr-oberriexingen.de\/content\/wp-json\/wp\/v2\/media\/172"}],"wp:attachment":[{"href":"https:\/\/feuerwehr-oberriexingen.de\/content\/wp-json\/wp\/v2\/media?parent=1604"}],"wp:term":[{"taxonomy":"category","embeddable":true,"href":"https:\/\/feuerwehr-oberriexingen.de\/content\/wp-json\/wp\/v2\/categories?post=1604"},{"taxonomy":"post_tag","embeddable":true,"href":"https:\/\/feuerwehr-oberriexingen.de\/content\/wp-json\/wp\/v2\/tags?post=1604"},{"taxonomy":"einsatzart","embeddable":true,"href":"https:\/\/feuerwehr-oberriexingen.de\/content\/wp-json\/wp\/v2\/einsatzart?post=1604"},{"taxonomy":"fahrzeug","embeddable":true,"href":"https:\/\/feuerwehr-oberriexingen.de\/content\/wp-json\/wp\/v2\/fahrzeug?post=1604"},{"taxonomy":"exteinsatzmittel","embeddable":true,"href":"https:\/\/feuerwehr-oberriexingen.de\/content\/wp-json\/wp\/v2\/exteinsatzmittel?post=1604"},{"taxonomy":"alarmierungsart","embeddable":true,"href":"https:\/\/feuerwehr-oberriexingen.de\/content\/wp-json\/wp\/v2\/alarmierungsart?post=1604"},{"taxonomy":"evw_unit","embeddable":true,"href":"https:\/\/feuerwehr-oberriexingen.de\/content\/wp-json\/wp\/v2\/evw_unit?post=1604"}],"curies":[{"name":"wp","href":"https:\/\/api.w.org\/{rel}","templated":true}]}}